{"id":25128,"date":"2020-10-22T12:13:29","date_gmt":"2020-10-22T10:13:29","guid":{"rendered":"https:\/\/ramardos.com\/escuela\/"},"modified":"2024-02-26T12:27:47","modified_gmt":"2024-02-26T11:27:47","slug":"escuela","status":"publish","type":"page","link":"https:\/\/ramardos.com\/es\/escuela\/","title":{"rendered":"Escuela"},"content":{"rendered":"\t\t<div data-elementor-type=\"wp-page\" data-elementor-id=\"25128\" class=\"elementor elementor-25128 elementor-86\" data-elementor-post-type=\"page\">\n\t\t\t\t<div class=\"elementor-element elementor-element-98313ff e-con-full e-flex e-con e-parent\" data-id=\"98313ff\" data-element_type=\"container\" data-settings=\"{&quot;background_background&quot;:&quot;classic&quot;}\">\n\t\t\t\t<div class=\"elementor-element elementor-element-1014327 elementor-widget elementor-widget-spacer\" data-id=\"1014327\" data-element_type=\"widget\" data-widget_type=\"spacer.default\">\n\t\t\t\t<div class=\"elementor-widget-container\">\n\t\t\t\t\t\t\t<div class=\"elementor-spacer\">\n\t\t\t<div class=\"elementor-spacer-inner\"><\/div>\n\t\t<\/div>\n\t\t\t\t\t\t<\/div>\n\t\t\t\t<\/div>\n\t\t\t\t<div class=\"elementor-element elementor-element-7b690de elementor-widget elementor-widget-heading\" data-id=\"7b690de\" data-element_type=\"widget\" data-widget_type=\"heading.default\">\n\t\t\t\t<div class=\"elementor-widget-container\">\n\t\t\t\t\t<h1 class=\"elementor-heading-title elementor-size-default\">Escuela<\/h1>\t\t\t\t<\/div>\n\t\t\t\t<\/div>\n\t\t\t\t<\/div>\n\t\t<div class=\"elementor-element elementor-element-47c36ac e-con-full e-flex e-con e-parent\" data-id=\"47c36ac\" data-element_type=\"container\">\n\t\t<div class=\"elementor-element elementor-element-2cd0279 e-flex e-con-boxed e-con e-child\" data-id=\"2cd0279\" data-element_type=\"container\">\n\t\t\t\t\t<div class=\"e-con-inner\">\n\t\t<div class=\"elementor-element elementor-element-013000c e-con-full e-flex e-con e-child\" data-id=\"013000c\" data-element_type=\"container\">\n\t\t\t\t<div class=\"elementor-element elementor-element-fd313b5 elementor-widget elementor-widget-image\" data-id=\"fd313b5\" data-element_type=\"widget\" data-widget_type=\"image.default\">\n\t\t\t\t<div class=\"elementor-widget-container\">\n\t\t\t\t\t\t\t\t\t\t\t\t\t\t\t<img fetchpriority=\"high\" decoding=\"async\" width=\"940\" height=\"598\" src=\"https:\/\/ramardos.com\/wp-content\/uploads\/2020\/10\/IMG_9260-1-1.jpg\" class=\"attachment-full size-full wp-image-89\" alt=\"Ramardos\" srcset=\"https:\/\/ramardos.com\/wp-content\/uploads\/2020\/10\/IMG_9260-1-1.jpg 940w, https:\/\/ramardos.com\/wp-content\/uploads\/2020\/10\/IMG_9260-1-1-300x191.jpg 300w, https:\/\/ramardos.com\/wp-content\/uploads\/2020\/10\/IMG_9260-1-1-768x489.jpg 768w\" sizes=\"(max-width: 940px) 100vw, 940px\" \/>\t\t\t\t\t\t\t\t\t\t\t\t\t\t\t<\/div>\n\t\t\t\t<\/div>\n\t\t\t\t<\/div>\n\t\t<div class=\"elementor-element elementor-element-7872042 e-flex e-con-boxed e-con e-child\" data-id=\"7872042\" data-element_type=\"container\">\n\t\t\t\t\t<div class=\"e-con-inner\">\n\t\t\t\t<div class=\"elementor-element elementor-element-71273b1 elementor-widget elementor-widget-heading\" data-id=\"71273b1\" data-element_type=\"widget\" data-widget_type=\"heading.default\">\n\t\t\t\t<div class=\"elementor-widget-container\">\n\t\t\t\t\t<h4 class=\"elementor-heading-title elementor-size-default\">\u201cEl aprendizaje es y ser\u00e1 clave para la formaci\u00f3n de personas con sentido cr\u00edtico y esp\u00edritu de mejora social\u201d<\/h4>\t\t\t\t<\/div>\n\t\t\t\t<\/div>\n\t\t\t\t<div class=\"elementor-element elementor-element-e4d83c6 elementor-widget elementor-widget-image\" data-id=\"e4d83c6\" data-element_type=\"widget\" data-widget_type=\"image.default\">\n\t\t\t\t<div class=\"elementor-widget-container\">\n\t\t\t\t\t\t\t\t\t\t\t\t\t\t\t<img decoding=\"async\" width=\"170\" height=\"142\" src=\"https:\/\/ramardos.com\/wp-content\/uploads\/2020\/10\/firma.png\" class=\"attachment-large size-large wp-image-91\" alt=\"firma\" \/>\t\t\t\t\t\t\t\t\t\t\t\t\t\t\t<\/div>\n\t\t\t\t<\/div>\n\t\t\t\t\t<\/div>\n\t\t\t\t<\/div>\n\t\t\t\t\t<\/div>\n\t\t\t\t<\/div>\n\t\t\t\t<\/div>\n\t\t<div class=\"elementor-element elementor-element-32a3614 e-con-full e-flex e-con e-parent\" data-id=\"32a3614\" data-element_type=\"container\">\n\t\t<div class=\"elementor-element elementor-element-099a5ae e-flex e-con-boxed e-con e-child\" data-id=\"099a5ae\" data-element_type=\"container\">\n\t\t\t\t\t<div class=\"e-con-inner\">\n\t\t\t\t<div class=\"elementor-element elementor-element-ff62758 elementor-widget elementor-widget-heading\" data-id=\"ff62758\" data-element_type=\"widget\" data-widget_type=\"heading.default\">\n\t\t\t\t<div class=\"elementor-widget-container\">\n\t\t\t\t\t<h4 class=\"elementor-heading-title elementor-size-default\">Nuestro proyecto pedag\u00f3gico se enmarca en un proceso de mejora continua que tiene excelentes resultados humanos y acad\u00e9micos.<\/h4>\t\t\t\t<\/div>\n\t\t\t\t<\/div>\n\t\t\t\t\t<\/div>\n\t\t\t\t<\/div>\n\t\t\t\t<\/div>\n\t\t<div class=\"elementor-element elementor-element-715ab81 e-con-full e-flex e-con e-parent\" data-id=\"715ab81\" data-element_type=\"container\" data-settings=\"{&quot;background_background&quot;:&quot;classic&quot;}\">\n\t\t<div class=\"elementor-element elementor-element-f39c87a e-flex e-con-boxed e-con e-child\" data-id=\"f39c87a\" data-element_type=\"container\">\n\t\t\t\t\t<div class=\"e-con-inner\">\n\t\t\t\t<div class=\"elementor-element elementor-element-04594b0 elementor-widget elementor-widget-heading\" data-id=\"04594b0\" data-element_type=\"widget\" data-widget_type=\"heading.default\">\n\t\t\t\t<div class=\"elementor-widget-container\">\n\t\t\t\t\t<h2 class=\"elementor-heading-title elementor-size-default\">Nuestros pilares<\/h2>\t\t\t\t<\/div>\n\t\t\t\t<\/div>\n\t\t\t\t\t<\/div>\n\t\t\t\t<\/div>\n\t\t<div class=\"elementor-element elementor-element-c105331 e-flex e-con-boxed e-con e-child\" data-id=\"c105331\" data-element_type=\"container\">\n\t\t\t\t\t<div class=\"e-con-inner\">\n\t\t<div class=\"elementor-element elementor-element-b170965 e-flex e-con-boxed e-con e-child\" data-id=\"b170965\" data-element_type=\"container\">\n\t\t\t\t\t<div class=\"e-con-inner\">\n\t\t\t\t<div class=\"elementor-element elementor-element-fb3f728 elementor-widget elementor-widget-heading\" data-id=\"fb3f728\" data-element_type=\"widget\" data-widget_type=\"heading.default\">\n\t\t\t\t<div class=\"elementor-widget-container\">\n\t\t\t\t\t<h4 class=\"elementor-heading-title elementor-size-default\">Calidad acad\u00e9mica<\/h4>\t\t\t\t<\/div>\n\t\t\t\t<\/div>\n\t\t\t\t<div class=\"elementor-element elementor-element-e63208f elementor-widget elementor-widget-text-editor\" data-id=\"e63208f\" data-element_type=\"widget\" data-widget_type=\"text-editor.default\">\n\t\t\t\t<div class=\"elementor-widget-container\">\n\t\t\t\t\t\t\t\t\t<p>Promovemos un modelo de ense\u00f1anza-aprendizaje riguroso y con resultados contrastados. Procuramos una s\u00f3lida formaci\u00f3n human\u00edstica que facilite la comprensi\u00f3n del mundo, una formaci\u00f3n cient\u00edfica que permita transformarlo y un desarrollo de la competencia ling\u00fc\u00edstica, no s\u00f3lo como una necesidad para vivir e interactuar en un mundo global, sino, y sobretodo, como un sistema de pensamiento.<\/p>\n\t\t\t\t\t\t\t\t<\/div>\n\t\t\t\t<\/div>\n\t\t\t\t\t<\/div>\n\t\t\t\t<\/div>\n\t\t<div class=\"elementor-element elementor-element-46ca971 e-flex e-con-boxed e-con e-child\" data-id=\"46ca971\" data-element_type=\"container\">\n\t\t\t\t\t<div class=\"e-con-inner\">\n\t\t\t\t<div class=\"elementor-element elementor-element-478486a elementor-widget elementor-widget-heading\" data-id=\"478486a\" data-element_type=\"widget\" data-widget_type=\"heading.default\">\n\t\t\t\t<div class=\"elementor-widget-container\">\n\t\t\t\t\t<h4 class=\"elementor-heading-title elementor-size-default\">Inquietud pedag\u00f3gica<\/h4>\t\t\t\t<\/div>\n\t\t\t\t<\/div>\n\t\t\t\t<div class=\"elementor-element elementor-element-d126638 elementor-widget elementor-widget-text-editor\" data-id=\"d126638\" data-element_type=\"widget\" data-widget_type=\"text-editor.default\">\n\t\t\t\t<div class=\"elementor-widget-container\">\n\t\t\t\t\t\t\t\t\t<p>Promovemos procesos de evaluaci\u00f3n y mejora continua que permitan dar respuestas actuales a los retos y necesidades que la sociedad plantea en el centro escolar. Participamos en redes y comunidades de aprendizaje profesional, que impulsen la reflexi\u00f3n y la investigaci\u00f3n constante del profesorado.<\/p>\n\t\t\t\t\t\t\t\t<\/div>\n\t\t\t\t<\/div>\n\t\t\t\t\t<\/div>\n\t\t\t\t<\/div>\n\t\t<div class=\"elementor-element elementor-element-4e3cf49 e-flex e-con-boxed e-con e-child\" data-id=\"4e3cf49\" data-element_type=\"container\">\n\t\t\t\t\t<div class=\"e-con-inner\">\n\t\t\t\t<div class=\"elementor-element elementor-element-de00cb6 elementor-widget elementor-widget-heading\" data-id=\"de00cb6\" data-element_type=\"widget\" data-widget_type=\"heading.default\">\n\t\t\t\t<div class=\"elementor-widget-container\">\n\t\t\t\t\t<h4 class=\"elementor-heading-title elementor-size-default\">Formaci\u00f3n emocional y en valores<\/h4>\t\t\t\t<\/div>\n\t\t\t\t<\/div>\n\t\t\t\t<div class=\"elementor-element elementor-element-55d2cae elementor-widget elementor-widget-text-editor\" data-id=\"55d2cae\" data-element_type=\"widget\" data-widget_type=\"text-editor.default\">\n\t\t\t\t<div class=\"elementor-widget-container\">\n\t\t\t\t\t\t\t\t\t<p>Acompa\u00f1amos a nuestros alumnos en el crecimiento de todos sus \u00e1mbitos, para llegar a ser personas maduras, estables y responsables, con valores humanos. Ofrecemos oportunidades para el desarrollo de su talento, mediante una potenciaci\u00f3n de la convivencia, del desarrollo de sus habilidades sociales y de una adecuada conciencia ambiental.<\/p>\n\t\t\t\t\t\t\t\t<\/div>\n\t\t\t\t<\/div>\n\t\t\t\t\t<\/div>\n\t\t\t\t<\/div>\n\t\t\t\t\t<\/div>\n\t\t\t\t<\/div>\n\t\t<div class=\"elementor-element elementor-element-d9423aa e-flex e-con-boxed e-con e-child\" data-id=\"d9423aa\" data-element_type=\"container\">\n\t\t\t\t\t<div class=\"e-con-inner\">\n\t\t<div class=\"elementor-element elementor-element-c4be243 e-flex e-con-boxed e-con e-child\" data-id=\"c4be243\" data-element_type=\"container\">\n\t\t\t\t\t<div class=\"e-con-inner\">\n\t\t\t\t<div class=\"elementor-element elementor-element-ff0dd27 elementor-widget elementor-widget-heading\" data-id=\"ff0dd27\" data-element_type=\"widget\" data-widget_type=\"heading.default\">\n\t\t\t\t<div class=\"elementor-widget-container\">\n\t\t\t\t\t<h4 class=\"elementor-heading-title elementor-size-default\">Acompa\u00f1amiento personalizado<\/h4>\t\t\t\t<\/div>\n\t\t\t\t<\/div>\n\t\t\t\t<div class=\"elementor-element elementor-element-28bec21 elementor-widget elementor-widget-text-editor\" data-id=\"28bec21\" data-element_type=\"widget\" data-widget_type=\"text-editor.default\">\n\t\t\t\t<div class=\"elementor-widget-container\">\n\t\t\t\t\t\t\t\t\t<p>Favorecemos que el alumno sea consciente de c\u00f3mo aprende, creando entornos de aprendizaje que favorezcan la construcci\u00f3n personal del conocimiento. Aplicamos sistemas de evaluaci\u00f3n orientados a la mejora personal y a la optimizaci\u00f3n del aprendizaje.<\/p>\n\t\t\t\t\t\t\t\t<\/div>\n\t\t\t\t<\/div>\n\t\t\t\t\t<\/div>\n\t\t\t\t<\/div>\n\t\t<div class=\"elementor-element elementor-element-c43ab7b e-flex e-con-boxed e-con e-child\" data-id=\"c43ab7b\" data-element_type=\"container\">\n\t\t\t\t\t<div class=\"e-con-inner\">\n\t\t\t\t<div class=\"elementor-element elementor-element-2143a85 elementor-widget elementor-widget-heading\" data-id=\"2143a85\" data-element_type=\"widget\" data-widget_type=\"heading.default\">\n\t\t\t\t<div class=\"elementor-widget-container\">\n\t\t\t\t\t<h4 class=\"elementor-heading-title elementor-size-default\">Relaci\u00f3n pr\u00f3xima con las familias<\/h4>\t\t\t\t<\/div>\n\t\t\t\t<\/div>\n\t\t\t\t<div class=\"elementor-element elementor-element-6cacb82 elementor-widget elementor-widget-text-editor\" data-id=\"6cacb82\" data-element_type=\"widget\" data-widget_type=\"text-editor.default\">\n\t\t\t\t<div class=\"elementor-widget-container\">\n\t\t\t\t\t\t\t\t\t<p>Fomentamos la corresponsabilidad entre familia y escuela. Procuramos un trabajo en equipo y colaborativo de todos los miembros de la comunidad educativa para conseguir un fin com\u00fan: el bienestar y el desarrollo arm\u00f3nico de nuestros alumnos.<\/p>\n\t\t\t\t\t\t\t\t<\/div>\n\t\t\t\t<\/div>\n\t\t\t\t\t<\/div>\n\t\t\t\t<\/div>\n\t\t<div class=\"elementor-element elementor-element-482ef09 e-flex e-con-boxed e-con e-child\" data-id=\"482ef09\" data-element_type=\"container\">\n\t\t\t\t\t<div class=\"e-con-inner\">\n\t\t\t\t<div class=\"elementor-element elementor-element-376536c elementor-widget elementor-widget-heading\" data-id=\"376536c\" data-element_type=\"widget\" data-widget_type=\"heading.default\">\n\t\t\t\t<div class=\"elementor-widget-container\">\n\t\t\t\t\t<h4 class=\"elementor-heading-title elementor-size-default\">Reconocimiento de la diversidad<\/h4>\t\t\t\t<\/div>\n\t\t\t\t<\/div>\n\t\t\t\t<div class=\"elementor-element elementor-element-1619ffa elementor-widget elementor-widget-text-editor\" data-id=\"1619ffa\" data-element_type=\"widget\" data-widget_type=\"text-editor.default\">\n\t\t\t\t<div class=\"elementor-widget-container\">\n\t\t\t\t\t\t\t\t\t<p>Entendemos la diversidad y la diferencia como una fuente de riqueza y crecimiento. Preparamos a nuestros alumnos para vivir en un mundo global y diverso, tanto en creencias como en culturas. Favorecemos el desarrollo de valores como el respeto, la tolerancia y la convivencia, que les permitan ser agentes activos y comprometidos en la construcci\u00f3n de un mundo m\u00e1s justo.<\/p>\n\t\t\t\t\t\t\t\t<\/div>\n\t\t\t\t<\/div>\n\t\t\t\t\t<\/div>\n\t\t\t\t<\/div>\n\t\t\t\t\t<\/div>\n\t\t\t\t<\/div>\n\t\t\t\t<\/div>\n\t\t<div class=\"elementor-element elementor-element-d260c00 e-con-full e-flex e-con e-parent\" data-id=\"d260c00\" data-element_type=\"container\" data-settings=\"{&quot;background_background&quot;:&quot;classic&quot;,&quot;shape_divider_top&quot;:&quot;waves&quot;}\">\n\t\t\t\t<div class=\"elementor-shape elementor-shape-top\" aria-hidden=\"true\" data-negative=\"false\">\n\t\t\t<svg xmlns=\"http:\/\/www.w3.org\/2000\/svg\" viewBox=\"0 0 1000 100\" preserveAspectRatio=\"none\">\n\t<path class=\"elementor-shape-fill\" d=\"M421.9,6.5c22.6-2.5,51.5,0.4,75.5,5.3c23.6,4.9,70.9,23.5,100.5,35.7c75.8,32.2,133.7,44.5,192.6,49.7\n\tc23.6,2.1,48.7,3.5,103.4-2.5c54.7-6,106.2-25.6,106.2-25.6V0H0v30.3c0,0,72,32.6,158.4,30.5c39.2-0.7,92.8-6.7,134-22.4\n\tc21.2-8.1,52.2-18.2,79.7-24.2C399.3,7.9,411.6,7.5,421.9,6.5z\"\/>\n<\/svg>\t\t<\/div>\n\t\t<div class=\"elementor-element elementor-element-6bcdf7e e-flex e-con-boxed e-con e-child\" data-id=\"6bcdf7e\" data-element_type=\"container\">\n\t\t\t\t\t<div class=\"e-con-inner\">\n\t\t<div class=\"elementor-element elementor-element-f48ff1c e-flex e-con-boxed e-con e-child\" data-id=\"f48ff1c\" data-element_type=\"container\">\n\t\t\t\t\t<div class=\"e-con-inner\">\n\t\t\t\t<div class=\"elementor-element elementor-element-3511055 elementor-widget elementor-widget-heading\" data-id=\"3511055\" data-element_type=\"widget\" data-widget_type=\"heading.default\">\n\t\t\t\t<div class=\"elementor-widget-container\">\n\t\t\t\t\t<h4 class=\"elementor-heading-title elementor-size-default\">Nuestra misi\u00f3n<\/h4>\t\t\t\t<\/div>\n\t\t\t\t<\/div>\n\t\t\t\t<div class=\"elementor-element elementor-element-ae4a62d elementor-widget elementor-widget-text-editor\" data-id=\"ae4a62d\" data-element_type=\"widget\" data-widget_type=\"text-editor.default\">\n\t\t\t\t<div class=\"elementor-widget-container\">\n\t\t\t\t\t\t\t\t\t<p>Tenemos la misi\u00f3n de potenciar el crecimiento personal de nuestro alumnado en el respeto, la tolerancia y el esfuerzo, consiguiendo unas relaciones interpersonales satisfactorias entre todos los miembros del profesorado con el fin de crear un entorno educativo participativo y motivador.<\/p>\n\t\t\t\t\t\t\t\t<\/div>\n\t\t\t\t<\/div>\n\t\t\t\t\t<\/div>\n\t\t\t\t<\/div>\n\t\t<div class=\"elementor-element elementor-element-21aedf7 e-flex e-con-boxed e-con e-child\" data-id=\"21aedf7\" data-element_type=\"container\">\n\t\t\t\t\t<div class=\"e-con-inner\">\n\t\t\t\t<div class=\"elementor-element elementor-element-a03f765 elementor-widget elementor-widget-heading\" data-id=\"a03f765\" data-element_type=\"widget\" data-widget_type=\"heading.default\">\n\t\t\t\t<div class=\"elementor-widget-container\">\n\t\t\t\t\t<h4 class=\"elementor-heading-title elementor-size-default\">Nuestra visi\u00f3n<\/h4>\t\t\t\t<\/div>\n\t\t\t\t<\/div>\n\t\t\t\t<div class=\"elementor-element elementor-element-ee404cd elementor-widget elementor-widget-text-editor\" data-id=\"ee404cd\" data-element_type=\"widget\" data-widget_type=\"text-editor.default\">\n\t\t\t\t<div class=\"elementor-widget-container\">\n\t\t\t\t\t\t\t\t\t<p>La escuela Ramar 2 trabaja para ser el centro de referencia en la ciudad de Sabadell en la oferta de formaci\u00f3n de ESO y Bachillerato, para dar respuesta a las peticiones de las familias. Un centro en el que el profesorado y las nuevas tecnolog\u00edas tengan un papel fundamental en las tareas de ense\u00f1anza y aprendizaje.<\/p>\n\t\t\t\t\t\t\t\t<\/div>\n\t\t\t\t<\/div>\n\t\t\t\t\t<\/div>\n\t\t\t\t<\/div>\n\t\t\t\t\t<\/div>\n\t\t\t\t<\/div>\n\t\t<div class=\"elementor-element elementor-element-4c43825 e-flex e-con-boxed e-con e-child\" data-id=\"4c43825\" data-element_type=\"container\">\n\t\t\t\t\t<div class=\"e-con-inner\">\n\t\t<div class=\"elementor-element elementor-element-5087f1d e-flex e-con-boxed e-con e-child\" data-id=\"5087f1d\" data-element_type=\"container\">\n\t\t\t\t\t<div class=\"e-con-inner\">\n\t\t\t\t<div class=\"elementor-element elementor-element-18c9840 elementor-widget elementor-widget-heading\" data-id=\"18c9840\" data-element_type=\"widget\" data-widget_type=\"heading.default\">\n\t\t\t\t<div class=\"elementor-widget-container\">\n\t\t\t\t\t<h4 class=\"elementor-heading-title elementor-size-default\">Nuestro proyecto educativo<\/h4>\t\t\t\t<\/div>\n\t\t\t\t<\/div>\n\t\t\t\t<div class=\"elementor-element elementor-element-702db67 elementor-widget elementor-widget-text-editor\" data-id=\"702db67\" data-element_type=\"widget\" data-widget_type=\"text-editor.default\">\n\t\t\t\t<div class=\"elementor-widget-container\">\n\t\t\t\t\t\t\t\t\t<p>El PEC es un documento de car\u00e1cter pedag\u00f3gico que enumera, define y razona los aspectos identificativos del Centro, precisa su estructura organizativa y de funcionamiento y formula los grandes objetivos que quiere conseguir y la manera como piensa llegar a ellos. Nuestro proyecto educativo, por tanto, engloba todo lo que se explica en esta p\u00e1gina web.<\/p>\n\t\t\t\t\t\t\t\t<\/div>\n\t\t\t\t<\/div>\n\t\t\t\t\t<\/div>\n\t\t\t\t<\/div>\n\t\t<div class=\"elementor-element elementor-element-e5c2eb1 e-flex e-con-boxed e-con e-child\" data-id=\"e5c2eb1\" data-element_type=\"container\">\n\t\t\t\t\t<div class=\"e-con-inner\">\n\t\t\t\t<div class=\"elementor-element elementor-element-3a1fe95 elementor-widget elementor-widget-heading\" data-id=\"3a1fe95\" data-element_type=\"widget\" data-widget_type=\"heading.default\">\n\t\t\t\t<div class=\"elementor-widget-container\">\n\t\t\t\t\t<h4 class=\"elementor-heading-title elementor-size-default\">Nuestro estilo metodol\u00f3gico<\/h4>\t\t\t\t<\/div>\n\t\t\t\t<\/div>\n\t\t\t\t<div class=\"elementor-element elementor-element-d0c8aa1 elementor-widget elementor-widget-text-editor\" data-id=\"d0c8aa1\" data-element_type=\"widget\" data-widget_type=\"text-editor.default\">\n\t\t\t\t<div class=\"elementor-widget-container\">\n\t\t\t\t\t\t\t\t\t<p>Nuestro estilo metodol\u00f3gico persigue desarrollar el esp\u00edritu cr\u00edtico, la iniciativa, la capacidad de discusi\u00f3n y de decisi\u00f3n; admitir la diversidad de ritmos evolutivos y de capacidades intelectuales, dar importancia tanto a la relaci\u00f3n educativa como a la adquisici\u00f3n de t\u00e9cnicas y contenidos b\u00e1sicos.<\/p>\n\t\t\t\t\t\t\t\t<\/div>\n\t\t\t\t<\/div>\n\t\t\t\t\t<\/div>\n\t\t\t\t<\/div>\n\t\t\t\t\t<\/div>\n\t\t\t\t<\/div>\n\t\t\t\t<\/div>\n\t\t\t\t<\/div>\n\t\t","protected":false},"excerpt":{"rendered":"<p>Escuela \u201cEl aprendizaje es y ser\u00e1 clave para la formaci\u00f3n de personas con sentido cr\u00edtico y esp\u00edritu de mejora social\u201d Nuestro proyecto pedag\u00f3gico se enmarca en un proceso de mejora continua que tiene excelentes resultados humanos y acad\u00e9micos. Nuestros pilares Calidad acad\u00e9mica Promovemos un modelo de ense\u00f1anza-aprendizaje riguroso y con resultados contrastados. Procuramos una s\u00f3lida [&hellip;]<\/p>\n","protected":false},"author":2,"featured_media":0,"parent":0,"menu_order":0,"comment_status":"closed","ping_status":"closed","template":"elementor_header_footer","meta":{"inline_featured_image":false,"footnotes":""},"class_list":["post-25128","page","type-page","status-publish","hentry"],"_links":{"self":[{"href":"https:\/\/ramardos.com\/es\/wp-json\/wp\/v2\/pages\/25128","targetHints":{"allow":["GET"]}}],"collection":[{"href":"https:\/\/ramardos.com\/es\/wp-json\/wp\/v2\/pages"}],"about":[{"href":"https:\/\/ramardos.com\/es\/wp-json\/wp\/v2\/types\/page"}],"author":[{"embeddable":true,"href":"https:\/\/ramardos.com\/es\/wp-json\/wp\/v2\/users\/2"}],"replies":[{"embeddable":true,"href":"https:\/\/ramardos.com\/es\/wp-json\/wp\/v2\/comments?post=25128"}],"version-history":[{"count":3,"href":"https:\/\/ramardos.com\/es\/wp-json\/wp\/v2\/pages\/25128\/revisions"}],"predecessor-version":[{"id":27209,"href":"https:\/\/ramardos.com\/es\/wp-json\/wp\/v2\/pages\/25128\/revisions\/27209"}],"wp:attachment":[{"href":"https:\/\/ramardos.com\/es\/wp-json\/wp\/v2\/media?parent=25128"}],"curies":[{"name":"wp","href":"https:\/\/api.w.org\/{rel}","templated":true}]}}