{"id":25191,"date":"2020-10-23T10:13:45","date_gmt":"2020-10-23T08:13:45","guid":{"rendered":"https:\/\/ramardos.com\/servicios\/"},"modified":"2024-02-22T16:12:36","modified_gmt":"2024-02-22T15:12:36","slug":"servicios","status":"publish","type":"page","link":"https:\/\/ramardos.com\/es\/servicios\/","title":{"rendered":"Servicios"},"content":{"rendered":"\t\t<div data-elementor-type=\"wp-page\" data-elementor-id=\"25191\" class=\"elementor elementor-25191 elementor-24957\" data-elementor-post-type=\"page\">\n\t\t\t\t<div class=\"elementor-element elementor-element-fe306be e-con-full e-flex e-con e-parent\" data-id=\"fe306be\" data-element_type=\"container\" data-settings=\"{&quot;background_background&quot;:&quot;classic&quot;}\">\n\t\t\t\t<div class=\"elementor-element elementor-element-52268c9 elementor-widget elementor-widget-spacer\" data-id=\"52268c9\" data-element_type=\"widget\" data-widget_type=\"spacer.default\">\n\t\t\t\t<div class=\"elementor-widget-container\">\n\t\t\t\t\t\t\t<div class=\"elementor-spacer\">\n\t\t\t<div class=\"elementor-spacer-inner\"><\/div>\n\t\t<\/div>\n\t\t\t\t\t\t<\/div>\n\t\t\t\t<\/div>\n\t\t\t\t<div class=\"elementor-element elementor-element-90247a7 elementor-widget elementor-widget-heading\" data-id=\"90247a7\" data-element_type=\"widget\" data-widget_type=\"heading.default\">\n\t\t\t\t<div class=\"elementor-widget-container\">\n\t\t\t\t\t<h1 class=\"elementor-heading-title elementor-size-default\">Servicios<\/h1>\t\t\t\t<\/div>\n\t\t\t\t<\/div>\n\t\t\t\t<\/div>\n\t\t<div class=\"elementor-element elementor-element-484c7a4 e-con-full e-flex e-con e-parent\" data-id=\"484c7a4\" data-element_type=\"container\" data-settings=\"{&quot;background_background&quot;:&quot;classic&quot;}\">\n\t\t<div class=\"elementor-element elementor-element-68a8ae4 e-flex e-con-boxed e-con e-child\" data-id=\"68a8ae4\" data-element_type=\"container\">\n\t\t\t\t\t<div class=\"e-con-inner\">\n\t\t\t\t<div class=\"elementor-element elementor-element-dfe4f7f elementor-widget elementor-widget-heading\" data-id=\"dfe4f7f\" data-element_type=\"widget\" data-widget_type=\"heading.default\">\n\t\t\t\t<div class=\"elementor-widget-container\">\n\t\t\t\t\t<h2 class=\"elementor-heading-title elementor-size-default\">Servicios para los alumnos de Escola del Sol<\/h2>\t\t\t\t<\/div>\n\t\t\t\t<\/div>\n\t\t\t\t<div class=\"elementor-element elementor-element-f8d7fc9 elementor-widget elementor-widget-text-editor\" data-id=\"f8d7fc9\" data-element_type=\"widget\" data-widget_type=\"text-editor.default\">\n\t\t\t\t<div class=\"elementor-widget-container\">\n\t\t\t\t\t\t\t\t\t<p>Con la intenci\u00f3n de potenciar determinados aspectos que hagan de los ni\u00f1os personas con un bagaje intelectualmente, cultural y social potente, hemos a\u00f1adido una serie de servicios que contribuyan a ello.<\/p>\n\t\t\t\t\t\t\t\t<\/div>\n\t\t\t\t<\/div>\n\t\t\t\t\t<\/div>\n\t\t\t\t<\/div>\n\t\t\t\t<\/div>\n\t\t<div class=\"elementor-element elementor-element-1764e19 e-con-full e-flex e-con e-parent\" data-id=\"1764e19\" data-element_type=\"container\" data-settings=\"{&quot;background_background&quot;:&quot;classic&quot;}\">\n\t\t<div class=\"elementor-element elementor-element-732cc72 e-flex e-con-boxed e-con e-child\" data-id=\"732cc72\" data-element_type=\"container\">\n\t\t\t\t\t<div class=\"e-con-inner\">\n\t\t<div class=\"elementor-element elementor-element-ef39891 e-flex e-con-boxed e-con e-child\" data-id=\"ef39891\" data-element_type=\"container\">\n\t\t\t\t\t<div class=\"e-con-inner\">\n\t\t\t\t<div class=\"elementor-element elementor-element-a633187 elementor-position-top elementor-widget elementor-widget-image-box\" data-id=\"a633187\" data-element_type=\"widget\" data-widget_type=\"image-box.default\">\n\t\t\t\t<div class=\"elementor-widget-container\">\n\t\t\t\t\t<div class=\"elementor-image-box-wrapper\"><figure class=\"elementor-image-box-img\"><img decoding=\"async\" width=\"32\" height=\"32\" src=\"https:\/\/ramardos.com\/wp-content\/uploads\/2024\/02\/svgexport-4-1.svg\" class=\"attachment-full size-full wp-image-27079\" alt=\"Activitats extraescolars\" \/><\/figure><div class=\"elementor-image-box-content\"><h4 class=\"elementor-image-box-title\">Actividades extraescolares<\/h4><p class=\"elementor-image-box-description\">Pretendemos que estas actividades complementen los conocimientos adquiridos durante el horario reglado: juegos simb\u00f3licos, canto coral, cuentos, teatro, baloncesto, ajedrez, patinaje, danza, nataci\u00f3n\u2026 Son de car\u00e1cter l\u00fadico, pero se trabajan con la debida exigencia.<\/p><\/div><\/div>\t\t\t\t<\/div>\n\t\t\t\t<\/div>\n\t\t\t\t\t<\/div>\n\t\t\t\t<\/div>\n\t\t<div class=\"elementor-element elementor-element-15c4e0b e-flex e-con-boxed e-con e-child\" data-id=\"15c4e0b\" data-element_type=\"container\">\n\t\t\t\t\t<div class=\"e-con-inner\">\n\t\t\t\t<div class=\"elementor-element elementor-element-cb4d7cf elementor-position-top elementor-widget elementor-widget-image-box\" data-id=\"cb4d7cf\" data-element_type=\"widget\" data-widget_type=\"image-box.default\">\n\t\t\t\t<div class=\"elementor-widget-container\">\n\t\t\t\t\t<div class=\"elementor-image-box-wrapper\"><figure class=\"elementor-image-box-img\"><img decoding=\"async\" width=\"60\" height=\"60\" src=\"https:\/\/ramardos.com\/wp-content\/uploads\/2024\/02\/svgexport-5-1.svg\" class=\"attachment-full size-full wp-image-27081\" alt=\"Acollida\" \/><\/figure><div class=\"elementor-image-box-content\"><h4 class=\"elementor-image-box-title\">Acogida<\/h4><p class=\"elementor-image-box-description\">En caso de necesidad, los alumnos pueden, por la ma\u00f1ana, entrar hasta una hora antes en la Escuela (Servicio de Acogida)<\/p><\/div><\/div>\t\t\t\t<\/div>\n\t\t\t\t<\/div>\n\t\t\t\t\t<\/div>\n\t\t\t\t<\/div>\n\t\t<div class=\"elementor-element elementor-element-0c75dba e-flex e-con-boxed e-con e-child\" data-id=\"0c75dba\" data-element_type=\"container\">\n\t\t\t\t\t<div class=\"e-con-inner\">\n\t\t\t\t<div class=\"elementor-element elementor-element-ca5eb81 elementor-position-top elementor-widget elementor-widget-image-box\" data-id=\"ca5eb81\" data-element_type=\"widget\" data-widget_type=\"image-box.default\">\n\t\t\t\t<div class=\"elementor-widget-container\">\n\t\t\t\t\t<div class=\"elementor-image-box-wrapper\"><figure class=\"elementor-image-box-img\"><img decoding=\"async\" width=\"32\" height=\"32\" src=\"https:\/\/ramardos.com\/wp-content\/uploads\/2024\/02\/svgexport-6-1.svg\" class=\"attachment-full size-full wp-image-27083\" alt=\"Menjador\" \/><\/figure><div class=\"elementor-image-box-content\"><h4 class=\"elementor-image-box-title\">Comedor<\/h4><p class=\"elementor-image-box-description\">Es desde la una del mediod\u00eda hasta las tres menos cuarto de la tarde.<\/p><\/div><\/div>\t\t\t\t<\/div>\n\t\t\t\t<\/div>\n\t\t\t\t\t<\/div>\n\t\t\t\t<\/div>\n\t\t\t\t\t<\/div>\n\t\t\t\t<\/div>\n\t\t<div class=\"elementor-element elementor-element-3633024 e-flex e-con-boxed e-con e-child\" data-id=\"3633024\" data-element_type=\"container\">\n\t\t\t\t\t<div class=\"e-con-inner\">\n\t\t<div class=\"elementor-element elementor-element-5daa961 e-flex e-con-boxed e-con e-child\" data-id=\"5daa961\" data-element_type=\"container\">\n\t\t\t\t\t<div class=\"e-con-inner\">\n\t\t\t\t<div class=\"elementor-element elementor-element-38260ca elementor-position-top elementor-widget elementor-widget-image-box\" data-id=\"38260ca\" data-element_type=\"widget\" data-widget_type=\"image-box.default\">\n\t\t\t\t<div class=\"elementor-widget-container\">\n\t\t\t\t\t<div class=\"elementor-image-box-wrapper\"><figure class=\"elementor-image-box-img\"><img loading=\"lazy\" decoding=\"async\" width=\"32\" height=\"32\" src=\"https:\/\/ramardos.com\/wp-content\/uploads\/2024\/02\/svgexport-7-1.svg\" class=\"attachment-full size-full wp-image-27085\" alt=\"Casal d\u2019estiu\" \/><\/figure><div class=\"elementor-image-box-content\"><h4 class=\"elementor-image-box-title\">Casal de verano<\/h4><p class=\"elementor-image-box-description\">A lo largo del mes de julio, abierto tambi\u00e9n a familiares y amigos de nuestros alumnos.<\/p><\/div><\/div>\t\t\t\t<\/div>\n\t\t\t\t<\/div>\n\t\t\t\t\t<\/div>\n\t\t\t\t<\/div>\n\t\t<div class=\"elementor-element elementor-element-9be451f e-flex e-con-boxed e-con e-child\" data-id=\"9be451f\" data-element_type=\"container\">\n\t\t\t\t\t<div class=\"e-con-inner\">\n\t\t\t\t<div class=\"elementor-element elementor-element-2ac6351 elementor-position-top elementor-widget elementor-widget-image-box\" data-id=\"2ac6351\" data-element_type=\"widget\" data-widget_type=\"image-box.default\">\n\t\t\t\t<div class=\"elementor-widget-container\">\n\t\t\t\t\t<div class=\"elementor-image-box-wrapper\"><figure class=\"elementor-image-box-img\"><img loading=\"lazy\" decoding=\"async\" width=\"32\" height=\"32\" src=\"https:\/\/ramardos.com\/wp-content\/uploads\/2024\/02\/svgexport-8.svg\" class=\"attachment-full size-full wp-image-27087\" alt=\"Revisi\u00f3 m\u00e8dica anual i servei de pediatria\" \/><\/figure><div class=\"elementor-image-box-content\"><h4 class=\"elementor-image-box-title\">Revisi\u00f3n m\u00e9dica anual y servicio de pediatr\u00eda<\/h4><\/div><\/div>\t\t\t\t<\/div>\n\t\t\t\t<\/div>\n\t\t\t\t\t<\/div>\n\t\t\t\t<\/div>\n\t\t<div class=\"elementor-element elementor-element-769a678 e-flex e-con-boxed e-con e-child\" data-id=\"769a678\" data-element_type=\"container\">\n\t\t\t\t\t<div class=\"e-con-inner\">\n\t\t\t\t<div class=\"elementor-element elementor-element-95f5b99 elementor-position-top elementor-widget elementor-widget-image-box\" data-id=\"95f5b99\" data-element_type=\"widget\" data-widget_type=\"image-box.default\">\n\t\t\t\t<div class=\"elementor-widget-container\">\n\t\t\t\t\t<div class=\"elementor-image-box-wrapper\"><figure class=\"elementor-image-box-img\"><img loading=\"lazy\" decoding=\"async\" width=\"32\" height=\"32\" src=\"https:\/\/ramardos.com\/wp-content\/uploads\/2024\/02\/svgexport-9.svg\" class=\"attachment-full size-full wp-image-27089\" alt=\"Atenci\u00f3 psicopedag\u00f2gica\" \/><\/figure><div class=\"elementor-image-box-content\"><h4 class=\"elementor-image-box-title\">Atenci\u00f3n psicopedag\u00f3gica<\/h4><\/div><\/div>\t\t\t\t<\/div>\n\t\t\t\t<\/div>\n\t\t\t\t\t<\/div>\n\t\t\t\t<\/div>\n\t\t\t\t\t<\/div>\n\t\t\t\t<\/div>\n\t\t\t\t<\/div>\n\t\t<div class=\"elementor-element elementor-element-50d5679 e-con-full e-flex e-con e-parent\" data-id=\"50d5679\" data-element_type=\"container\" data-settings=\"{&quot;background_background&quot;:&quot;classic&quot;}\">\n\t\t<div class=\"elementor-element elementor-element-acf8fa3 e-flex e-con-boxed e-con e-child\" data-id=\"acf8fa3\" data-element_type=\"container\">\n\t\t\t\t\t<div class=\"e-con-inner\">\n\t\t\t\t<div class=\"elementor-element elementor-element-8cf4b2e elementor-widget elementor-widget-heading\" data-id=\"8cf4b2e\" data-element_type=\"widget\" data-widget_type=\"heading.default\">\n\t\t\t\t<div class=\"elementor-widget-container\">\n\t\t\t\t\t<h2 class=\"elementor-heading-title elementor-size-default\">Servicios para los alumnos de Ramar 2<\/h2>\t\t\t\t<\/div>\n\t\t\t\t<\/div>\n\t\t\t\t<div class=\"elementor-element elementor-element-7a757cb elementor-widget elementor-widget-text-editor\" data-id=\"7a757cb\" data-element_type=\"widget\" data-widget_type=\"text-editor.default\">\n\t\t\t\t<div class=\"elementor-widget-container\">\n\t\t\t\t\t\t\t\t\t<p>Somos un centro que ofrece diferentes servicios orientados a la mejora de las tareas de ense\u00f1anza y aprendizaje.<\/p>\n\t\t\t\t\t\t\t\t<\/div>\n\t\t\t\t<\/div>\n\t\t\t\t\t<\/div>\n\t\t\t\t<\/div>\n\t\t\t\t<\/div>\n\t\t<div class=\"elementor-element elementor-element-667e990 e-con-full e-flex e-con e-parent\" data-id=\"667e990\" data-element_type=\"container\" data-settings=\"{&quot;background_background&quot;:&quot;classic&quot;}\">\n\t\t<div class=\"elementor-element elementor-element-7923a6d e-flex e-con-boxed e-con e-child\" data-id=\"7923a6d\" data-element_type=\"container\">\n\t\t\t\t\t<div class=\"e-con-inner\">\n\t\t<div class=\"elementor-element elementor-element-e734b9f e-flex e-con-boxed e-con e-child\" data-id=\"e734b9f\" data-element_type=\"container\">\n\t\t\t\t\t<div class=\"e-con-inner\">\n\t\t\t\t<div class=\"elementor-element elementor-element-8346543 elementor-position-top elementor-widget elementor-widget-image-box\" data-id=\"8346543\" data-element_type=\"widget\" data-widget_type=\"image-box.default\">\n\t\t\t\t<div class=\"elementor-widget-container\">\n\t\t\t\t\t<div class=\"elementor-image-box-wrapper\"><figure class=\"elementor-image-box-img\"><img loading=\"lazy\" decoding=\"async\" width=\"500\" height=\"500\" src=\"https:\/\/ramardos.com\/wp-content\/uploads\/2020\/10\/logo-telegram.png\" class=\"attachment-full size-full wp-image-24960\" alt=\"Telegram\" srcset=\"https:\/\/ramardos.com\/wp-content\/uploads\/2020\/10\/logo-telegram.png 500w, https:\/\/ramardos.com\/wp-content\/uploads\/2020\/10\/logo-telegram-300x300.png 300w, https:\/\/ramardos.com\/wp-content\/uploads\/2020\/10\/logo-telegram-150x150.png 150w\" sizes=\"(max-width: 500px) 100vw, 500px\" \/><\/figure><div class=\"elementor-image-box-content\"><h4 class=\"elementor-image-box-title\">Telegram<\/h4><p class=\"elementor-image-box-description\">La herramienta que permite comunicar los tutores con las familias ha llegado al Ramar 2. Ya disponemos de una comunicaci\u00f3n \u00e1gil y f\u00e1cil de utilizar.<\/p><\/div><\/div>\t\t\t\t<\/div>\n\t\t\t\t<\/div>\n\t\t\t\t\t<\/div>\n\t\t\t\t<\/div>\n\t\t<div class=\"elementor-element elementor-element-6aea6c1 e-flex e-con-boxed e-con e-child\" data-id=\"6aea6c1\" data-element_type=\"container\">\n\t\t\t\t\t<div class=\"e-con-inner\">\n\t\t\t\t<div class=\"elementor-element elementor-element-cdaa4c4 elementor-position-top elementor-widget elementor-widget-image-box\" data-id=\"cdaa4c4\" data-element_type=\"widget\" data-widget_type=\"image-box.default\">\n\t\t\t\t<div class=\"elementor-widget-container\">\n\t\t\t\t\t<div class=\"elementor-image-box-wrapper\"><figure class=\"elementor-image-box-img\"><img loading=\"lazy\" decoding=\"async\" width=\"501\" height=\"500\" src=\"https:\/\/ramardos.com\/wp-content\/uploads\/2020\/10\/logo-academica.png\" class=\"attachment-full size-full wp-image-34\" alt=\"Academica\" srcset=\"https:\/\/ramardos.com\/wp-content\/uploads\/2020\/10\/logo-academica.png 501w, https:\/\/ramardos.com\/wp-content\/uploads\/2020\/10\/logo-academica-300x300.png 300w, https:\/\/ramardos.com\/wp-content\/uploads\/2020\/10\/logo-academica-150x150.png 150w\" sizes=\"(max-width: 501px) 100vw, 501px\" \/><\/figure><div class=\"elementor-image-box-content\"><h4 class=\"elementor-image-box-title\">Academica<\/h4><p class=\"elementor-image-box-description\">El programa oficial de convalidaci\u00f3n internacional de t\u00edtulos de Bachillerato, creado y desarrollado por Academica.<\/p><\/div><\/div>\t\t\t\t<\/div>\n\t\t\t\t<\/div>\n\t\t\t\t\t<\/div>\n\t\t\t\t<\/div>\n\t\t<div class=\"elementor-element elementor-element-fbcbb8b e-flex e-con-boxed e-con e-child\" data-id=\"fbcbb8b\" data-element_type=\"container\">\n\t\t\t\t\t<div class=\"e-con-inner\">\n\t\t\t\t<div class=\"elementor-element elementor-element-4f922cf elementor-position-top elementor-widget elementor-widget-image-box\" data-id=\"4f922cf\" data-element_type=\"widget\" data-widget_type=\"image-box.default\">\n\t\t\t\t<div class=\"elementor-widget-container\">\n\t\t\t\t\t<div class=\"elementor-image-box-wrapper\"><figure class=\"elementor-image-box-img\"><img loading=\"lazy\" decoding=\"async\" width=\"32\" height=\"32\" src=\"https:\/\/ramardos.com\/wp-content\/uploads\/2024\/02\/svgexport-10-1.svg\" class=\"attachment-full size-full wp-image-27091\" alt=\"Gabinet de psicopedagogia\" \/><\/figure><div class=\"elementor-image-box-content\"><h4 class=\"elementor-image-box-title\">Gabinete de psicopedagog\u00eda<\/h4><p class=\"elementor-image-box-description\">Disponemos de un servicio de psicopedagog\u00eda para dar soporte en procesos de desarrollo personal, de relaci\u00f3n con los dem\u00e1s y de aprendizaje.<\/p><\/div><\/div>\t\t\t\t<\/div>\n\t\t\t\t<\/div>\n\t\t\t\t\t<\/div>\n\t\t\t\t<\/div>\n\t\t\t\t\t<\/div>\n\t\t\t\t<\/div>\n\t\t<div class=\"elementor-element elementor-element-c62a1ee e-flex e-con-boxed e-con e-child\" data-id=\"c62a1ee\" data-element_type=\"container\">\n\t\t\t\t\t<div class=\"e-con-inner\">\n\t\t<div class=\"elementor-element elementor-element-8263d81 e-flex e-con-boxed e-con e-child\" data-id=\"8263d81\" data-element_type=\"container\">\n\t\t\t\t\t<div class=\"e-con-inner\">\n\t\t\t\t<div class=\"elementor-element elementor-element-67e8dc4 elementor-position-top elementor-widget elementor-widget-image-box\" data-id=\"67e8dc4\" data-element_type=\"widget\" data-widget_type=\"image-box.default\">\n\t\t\t\t<div class=\"elementor-widget-container\">\n\t\t\t\t\t<div class=\"elementor-image-box-wrapper\"><figure class=\"elementor-image-box-img\"><img loading=\"lazy\" decoding=\"async\" width=\"32\" height=\"32\" src=\"https:\/\/ramardos.com\/wp-content\/uploads\/2024\/02\/svgexport-11-1.svg\" class=\"attachment-full size-full wp-image-27093\" alt=\"Venda de llibres\" \/><\/figure><div class=\"elementor-image-box-content\"><h4 class=\"elementor-image-box-title\">Venta de libros<\/h4><p class=\"elementor-image-box-description\">Ofrecemos el lote de libros de cada nivel a principio de curso.<\/p><\/div><\/div>\t\t\t\t<\/div>\n\t\t\t\t<\/div>\n\t\t\t\t\t<\/div>\n\t\t\t\t<\/div>\n\t\t<div class=\"elementor-element elementor-element-df91987 e-flex e-con-boxed e-con e-child\" data-id=\"df91987\" data-element_type=\"container\">\n\t\t\t\t\t<div class=\"e-con-inner\">\n\t\t\t\t<div class=\"elementor-element elementor-element-04b3b37 elementor-position-top elementor-widget elementor-widget-image-box\" data-id=\"04b3b37\" data-element_type=\"widget\" data-widget_type=\"image-box.default\">\n\t\t\t\t<div class=\"elementor-widget-container\">\n\t\t\t\t\t<div class=\"elementor-image-box-wrapper\"><figure class=\"elementor-image-box-img\"><img decoding=\"async\" width=\"32\" height=\"32\" src=\"https:\/\/ramardos.com\/wp-content\/uploads\/2024\/02\/svgexport-6-1.svg\" class=\"attachment-full size-full wp-image-27083\" alt=\"Menjador\" \/><\/figure><div class=\"elementor-image-box-content\"><h4 class=\"elementor-image-box-title\">Servicio de comedor<\/h4><p class=\"elementor-image-box-description\">Ramar 2 dispone de un servicio de comedor que cuenta con personal propio de la Escuela.<\/p><\/div><\/div>\t\t\t\t<\/div>\n\t\t\t\t<\/div>\n\t\t\t\t\t<\/div>\n\t\t\t\t<\/div>\n\t\t<div class=\"elementor-element elementor-element-cb0c122 e-flex e-con-boxed e-con e-child\" data-id=\"cb0c122\" data-element_type=\"container\">\n\t\t\t\t\t<div class=\"e-con-inner\">\n\t\t\t\t\t<\/div>\n\t\t\t\t<\/div>\n\t\t\t\t\t<\/div>\n\t\t\t\t<\/div>\n\t\t\t\t<\/div>\n\t\t<div class=\"elementor-element elementor-element-6458e40 e-con-full e-flex e-con e-parent\" data-id=\"6458e40\" data-element_type=\"container\" data-settings=\"{&quot;background_background&quot;:&quot;classic&quot;}\">\n\t\t<div class=\"elementor-element elementor-element-4b47940 e-flex e-con-boxed e-con e-child\" data-id=\"4b47940\" data-element_type=\"container\">\n\t\t\t\t\t<div class=\"e-con-inner\">\n\t\t<div class=\"elementor-element elementor-element-4c15d2c e-flex e-con-boxed e-con e-child\" data-id=\"4c15d2c\" data-element_type=\"container\">\n\t\t\t\t\t<div class=\"e-con-inner\">\n\t\t\t\t<div class=\"elementor-element elementor-element-07a617b elementor-widget elementor-widget-heading\" data-id=\"07a617b\" data-element_type=\"widget\" data-widget_type=\"heading.default\">\n\t\t\t\t<div class=\"elementor-widget-container\">\n\t\t\t\t\t<h2 class=\"elementor-heading-title elementor-size-default\">Convenios<\/h2>\t\t\t\t<\/div>\n\t\t\t\t<\/div>\n\t\t\t\t\t<\/div>\n\t\t\t\t<\/div>\n\t\t\t\t\t<\/div>\n\t\t\t\t<\/div>\n\t\t<div class=\"elementor-element elementor-element-dcb2a33 e-flex e-con-boxed e-con e-child\" data-id=\"dcb2a33\" data-element_type=\"container\">\n\t\t\t\t\t<div class=\"e-con-inner\">\n\t\t<div class=\"elementor-element elementor-element-77ecb9c e-flex e-con-boxed e-con e-child\" data-id=\"77ecb9c\" data-element_type=\"container\">\n\t\t\t\t\t<div class=\"e-con-inner\">\n\t\t\t\t<div class=\"elementor-element elementor-element-944b647 elementor-position-top elementor-widget elementor-widget-image-box\" data-id=\"944b647\" data-element_type=\"widget\" data-widget_type=\"image-box.default\">\n\t\t\t\t<div class=\"elementor-widget-container\">\n\t\t\t\t\t<div class=\"elementor-image-box-wrapper\"><figure class=\"elementor-image-box-img\"><img loading=\"lazy\" decoding=\"async\" width=\"500\" height=\"500\" src=\"https:\/\/ramardos.com\/wp-content\/uploads\/2020\/10\/logo-oxford.png\" class=\"attachment-full size-full wp-image-32\" alt=\"Conveni de col\u00b7laboraci\u00f3 amb Oxford University Press\" srcset=\"https:\/\/ramardos.com\/wp-content\/uploads\/2020\/10\/logo-oxford.png 500w, https:\/\/ramardos.com\/wp-content\/uploads\/2020\/10\/logo-oxford-300x300.png 300w, https:\/\/ramardos.com\/wp-content\/uploads\/2020\/10\/logo-oxford-150x150.png 150w\" sizes=\"(max-width: 500px) 100vw, 500px\" \/><\/figure><div class=\"elementor-image-box-content\"><h4 class=\"elementor-image-box-title\">Convenio de colaboraci\u00f3n con Oxford University<\/h4><p class=\"elementor-image-box-description\">Unimos esfuerzos con la Universidad de Oxford para ofrecer un nivel m\u00e1s elevado de ingl\u00e9s, con herramientas innovadoras.<\/p><\/div><\/div>\t\t\t\t<\/div>\n\t\t\t\t<\/div>\n\t\t\t\t<div class=\"elementor-element elementor-element-9e10e25 elementor-align-center elementor-widget elementor-widget-button\" data-id=\"9e10e25\" data-element_type=\"widget\" data-widget_type=\"button.default\">\n\t\t\t\t<div class=\"elementor-widget-container\">\n\t\t\t\t\t\t\t\t\t<div class=\"elementor-button-wrapper\">\n\t\t\t\t\t<a class=\"elementor-button elementor-button-link elementor-size-sm\" href=\"https:\/\/examenoxford.com\/\" target=\"_blank\" rel=\"nofollow\">\n\t\t\t\t\t\t<span class=\"elementor-button-content-wrapper\">\n\t\t\t\t\t\t\t\t\t<span class=\"elementor-button-text\">M\u00e1s informaci\u00f3n<\/span>\n\t\t\t\t\t<\/span>\n\t\t\t\t\t<\/a>\n\t\t\t\t<\/div>\n\t\t\t\t\t\t\t\t<\/div>\n\t\t\t\t<\/div>\n\t\t\t\t\t<\/div>\n\t\t\t\t<\/div>\n\t\t<div class=\"elementor-element elementor-element-b694a2a e-flex e-con-boxed e-con e-child\" data-id=\"b694a2a\" data-element_type=\"container\">\n\t\t\t\t\t<div class=\"e-con-inner\">\n\t\t\t\t<div class=\"elementor-element elementor-element-eb3c439 elementor-position-top elementor-widget elementor-widget-image-box\" data-id=\"eb3c439\" data-element_type=\"widget\" data-widget_type=\"image-box.default\">\n\t\t\t\t<div class=\"elementor-widget-container\">\n\t\t\t\t\t<div class=\"elementor-image-box-wrapper\"><figure class=\"elementor-image-box-img\"><img loading=\"lazy\" decoding=\"async\" width=\"32\" height=\"32\" src=\"https:\/\/ramardos.com\/wp-content\/uploads\/2024\/02\/svgexport-12.svg\" class=\"attachment-full size-full wp-image-27095\" alt=\"Conveni de col\u00b7laboraci\u00f3 amb Idiomes Sabadell\" \/><\/figure><div class=\"elementor-image-box-content\"><h4 class=\"elementor-image-box-title\">Convenio de colaboraci\u00f3n con Idiomas Sabadell<\/h4><p class=\"elementor-image-box-description\">El centro ofrece la materia de Lengua Francesa, impartida por los profesores de Idiomas Sabadell.<\/p><\/div><\/div>\t\t\t\t<\/div>\n\t\t\t\t<\/div>\n\t\t\t\t\t<\/div>\n\t\t\t\t<\/div>\n\t\t<div class=\"elementor-element elementor-element-1a8f288 e-flex e-con-boxed e-con e-child\" data-id=\"1a8f288\" data-element_type=\"container\">\n\t\t\t\t\t<div class=\"e-con-inner\">\n\t\t\t\t<div class=\"elementor-element elementor-element-5830ec4 elementor-position-top elementor-widget elementor-widget-image-box\" data-id=\"5830ec4\" data-element_type=\"widget\" data-widget_type=\"image-box.default\">\n\t\t\t\t<div class=\"elementor-widget-container\">\n\t\t\t\t\t<div class=\"elementor-image-box-wrapper\"><figure class=\"elementor-image-box-img\"><img loading=\"lazy\" decoding=\"async\" width=\"32\" height=\"32\" src=\"https:\/\/ramardos.com\/wp-content\/uploads\/2024\/02\/svgexport-13.svg\" class=\"attachment-full size-full wp-image-27097\" alt=\"Certificaci\u00f3 Microsoft Office Specialist (MOS)\" \/><\/figure><div class=\"elementor-image-box-content\"><h4 class=\"elementor-image-box-title\">Certificaci\u00f3n Microsoft Office Specialist (MOS)<\/h4><p class=\"elementor-image-box-description\">Colaboraci\u00f3n con Microsoft para la certificaci\u00f3n oficial, y con validez mundial, que certifica los conocimientos del alumno en el uso de Word, Powerpoint y Excel.<\/p><\/div><\/div>\t\t\t\t<\/div>\n\t\t\t\t<\/div>\n\t\t\t\t\t<\/div>\n\t\t\t\t<\/div>\n\t\t\t\t\t<\/div>\n\t\t\t\t<\/div>\n\t\t\t\t<\/div>\n\t\t\t\t<\/div>\n\t\t","protected":false},"excerpt":{"rendered":"<p>Servicios Servicios para los alumnos de Escola del Sol Con la intenci\u00f3n de potenciar determinados aspectos que hagan de los ni\u00f1os personas con un bagaje intelectualmente, cultural y social potente, hemos a\u00f1adido una serie de servicios que contribuyan a ello. Actividades extraescolares Pretendemos que estas actividades complementen los conocimientos adquiridos durante el horario reglado: juegos [&hellip;]<\/p>\n","protected":false},"author":2,"featured_media":0,"parent":0,"menu_order":0,"comment_status":"closed","ping_status":"closed","template":"elementor_header_footer","meta":{"inline_featured_image":false,"footnotes":""},"class_list":["post-25191","page","type-page","status-publish","hentry"],"_links":{"self":[{"href":"https:\/\/ramardos.com\/es\/wp-json\/wp\/v2\/pages\/25191","targetHints":{"allow":["GET"]}}],"collection":[{"href":"https:\/\/ramardos.com\/es\/wp-json\/wp\/v2\/pages"}],"about":[{"href":"https:\/\/ramardos.com\/es\/wp-json\/wp\/v2\/types\/page"}],"author":[{"embeddable":true,"href":"https:\/\/ramardos.com\/es\/wp-json\/wp\/v2\/users\/2"}],"replies":[{"embeddable":true,"href":"https:\/\/ramardos.com\/es\/wp-json\/wp\/v2\/comments?post=25191"}],"version-history":[{"count":3,"href":"https:\/\/ramardos.com\/es\/wp-json\/wp\/v2\/pages\/25191\/revisions"}],"predecessor-version":[{"id":27112,"href":"https:\/\/ramardos.com\/es\/wp-json\/wp\/v2\/pages\/25191\/revisions\/27112"}],"wp:attachment":[{"href":"https:\/\/ramardos.com\/es\/wp-json\/wp\/v2\/media?parent=25191"}],"curies":[{"name":"wp","href":"https:\/\/api.w.org\/{rel}","templated":true}]}}