{"id":25192,"date":"2020-10-23T10:00:37","date_gmt":"2020-10-23T08:00:37","guid":{"rendered":"https:\/\/ramardos.com\/noticias\/"},"modified":"2024-03-27T12:34:15","modified_gmt":"2024-03-27T11:34:15","slug":"noticias","status":"publish","type":"page","link":"https:\/\/ramardos.com\/es\/noticias\/","title":{"rendered":"Noticias"},"content":{"rendered":"\t\t<div data-elementor-type=\"wp-page\" data-elementor-id=\"25192\" class=\"elementor elementor-25192 elementor-158\" data-elementor-post-type=\"page\">\n\t\t\t\t<div class=\"elementor-element elementor-element-fe6ab51 e-con-full e-flex e-con e-parent\" data-id=\"fe6ab51\" data-element_type=\"container\" data-settings=\"{&quot;background_background&quot;:&quot;classic&quot;}\">\n\t\t\t\t<div class=\"elementor-element elementor-element-1ee938b elementor-widget elementor-widget-spacer\" data-id=\"1ee938b\" data-element_type=\"widget\" data-widget_type=\"spacer.default\">\n\t\t\t\t<div class=\"elementor-widget-container\">\n\t\t\t\t\t\t\t<div class=\"elementor-spacer\">\n\t\t\t<div class=\"elementor-spacer-inner\"><\/div>\n\t\t<\/div>\n\t\t\t\t\t\t<\/div>\n\t\t\t\t<\/div>\n\t\t\t\t<div class=\"elementor-element elementor-element-31ed97a elementor-widget elementor-widget-heading\" data-id=\"31ed97a\" data-element_type=\"widget\" data-widget_type=\"heading.default\">\n\t\t\t\t<div class=\"elementor-widget-container\">\n\t\t\t\t\t<h1 class=\"elementor-heading-title elementor-size-default\">Noticias<\/h1>\t\t\t\t<\/div>\n\t\t\t\t<\/div>\n\t\t\t\t<\/div>\n\t\t<div class=\"elementor-element elementor-element-95912c0 e-con-full e-flex e-con e-parent\" data-id=\"95912c0\" data-element_type=\"container\" data-settings=\"{&quot;background_background&quot;:&quot;classic&quot;}\">\n\t\t<div class=\"elementor-element elementor-element-5e79ab2 e-flex e-con-boxed e-con e-child\" data-id=\"5e79ab2\" data-element_type=\"container\">\n\t\t\t\t\t<div class=\"e-con-inner\">\n\t\t\t\t<div class=\"elementor-element elementor-element-4becb90 elementor-widget elementor-widget-heading\" data-id=\"4becb90\" data-element_type=\"widget\" data-widget_type=\"heading.default\">\n\t\t\t\t<div class=\"elementor-widget-container\">\n\t\t\t\t\t<h2 class=\"elementor-heading-title elementor-size-default\">Actualidad de la escuela en redes sociales<\/h2>\t\t\t\t<\/div>\n\t\t\t\t<\/div>\n\t\t\t\t\t<\/div>\n\t\t\t\t<\/div>\n\t\t\t\t<\/div>\n\t\t<div class=\"elementor-element elementor-element-1a99b8c e-con-full e-flex e-con e-parent\" data-id=\"1a99b8c\" data-element_type=\"container\">\n\t\t<div class=\"elementor-element elementor-element-ebbf388 e-flex e-con-boxed e-con e-child\" data-id=\"ebbf388\" data-element_type=\"container\">\n\t\t\t\t\t<div class=\"e-con-inner\">\n\t\t<div class=\"elementor-element elementor-element-b80672d e-flex e-con-boxed e-con e-child\" data-id=\"b80672d\" data-element_type=\"container\">\n\t\t\t\t\t<div class=\"e-con-inner\">\n\t\t\t\t<div class=\"elementor-element elementor-element-7c9f961 elementor-widget elementor-widget-heading\" data-id=\"7c9f961\" data-element_type=\"widget\" data-widget_type=\"heading.default\">\n\t\t\t\t<div class=\"elementor-widget-container\">\n\t\t\t\t\t<h3 class=\"elementor-heading-title elementor-size-default\">Instagram de <span style=\"color: #e73843\"> Tic-Tac<\/span><\/h3>\t\t\t\t<\/div>\n\t\t\t\t<\/div>\n\t\t\t\t<div class=\"elementor-element elementor-element-8f79640 elementor-widget elementor-widget-shortcode\" data-id=\"8f79640\" data-element_type=\"widget\" data-widget_type=\"shortcode.default\">\n\t\t\t\t<div class=\"elementor-widget-container\">\n\t\t\t\t\t\t\t<div class=\"elementor-shortcode\">\n<div id=\"sb_instagram\"  class=\"sbi sbi_mob_col_1 sbi_tab_col_2 sbi_col_3 sbi_width_resp\" style=\"padding-bottom: 10px;\"\t data-feedid=\"*1\"  data-res=\"medium\" data-cols=\"3\" data-colsmobile=\"1\" data-colstablet=\"2\" data-num=\"5\" data-nummobile=\"\" data-item-padding=\"5\"\t data-shortcode-atts=\"{&quot;user&quot;:&quot;llarinfantstictac&quot;,&quot;cachetime&quot;:30}\"  data-postid=\"25192\" data-locatornonce=\"4c9e7336f2\" data-imageaspectratio=\"1:1\" data-sbi-flags=\"favorLocal,gdpr\">\n\t<div class=\"sb_instagram_header  sbi_medium\"   >\n\t<a class=\"sbi_header_link\" target=\"_blank\"\n\t   rel=\"nofollow noopener\" href=\"https:\/\/www.instagram.com\/ramardos\/\" title=\"@ramardos\">\n\t\t<div class=\"sbi_header_text sbi_no_bio\">\n\t\t\t<div class=\"sbi_header_img\">\n\t\t\t\t\t\t\t\t\t<div class=\"sbi_header_img_hover\"  ><svg class=\"sbi_new_logo fa-instagram fa-w-14\" aria-hidden=\"true\" data-fa-processed=\"\" aria-label=\"Instagram\" data-prefix=\"fab\" data-icon=\"instagram\" role=\"img\" viewBox=\"0 0 448 512\">\n                    <path fill=\"currentColor\" d=\"M224.1 141c-63.6 0-114.9 51.3-114.9 114.9s51.3 114.9 114.9 114.9S339 319.5 339 255.9 287.7 141 224.1 141zm0 189.6c-41.1 0-74.7-33.5-74.7-74.7s33.5-74.7 74.7-74.7 74.7 33.5 74.7 74.7-33.6 74.7-74.7 74.7zm146.4-194.3c0 14.9-12 26.8-26.8 26.8-14.9 0-26.8-12-26.8-26.8s12-26.8 26.8-26.8 26.8 12 26.8 26.8zm76.1 27.2c-1.7-35.9-9.9-67.7-36.2-93.9-26.2-26.2-58-34.4-93.9-36.2-37-2.1-147.9-2.1-184.9 0-35.8 1.7-67.6 9.9-93.9 36.1s-34.4 58-36.2 93.9c-2.1 37-2.1 147.9 0 184.9 1.7 35.9 9.9 67.7 36.2 93.9s58 34.4 93.9 36.2c37 2.1 147.9 2.1 184.9 0 35.9-1.7 67.7-9.9 93.9-36.2 26.2-26.2 34.4-58 36.2-93.9 2.1-37 2.1-147.8 0-184.8zM398.8 388c-7.8 19.6-22.9 34.7-42.6 42.6-29.5 11.7-99.5 9-132.1 9s-102.7 2.6-132.1-9c-19.6-7.8-34.7-22.9-42.6-42.6-11.7-29.5-9-99.5-9-132.1s-2.6-102.7 9-132.1c7.8-19.6 22.9-34.7 42.6-42.6 29.5-11.7 99.5-9 132.1-9s102.7-2.6 132.1 9c19.6 7.8 34.7 22.9 42.6 42.6 11.7 29.5 9 99.5 9 132.1s2.7 102.7-9 132.1z\"><\/path>\n                <\/svg><\/div>\n\t\t\t\t\t<img decoding=\"async\"  src=\"https:\/\/ramardos.com\/wp-content\/plugins\/instagram-feed\/img\/thumb-placeholder.png\" alt=\"\" width=\"50\" height=\"50\">\n\t\t\t\t\n\t\t\t\t\t\t\t<\/div>\n\n\t\t\t<div class=\"sbi_feedtheme_header_text\">\n\t\t\t\t<h3>ramardos<\/h3>\n\t\t\t\t\t\t\t<\/div>\n\t\t<\/div>\n\t<\/a>\n<\/div>\n\n\t<div id=\"sbi_images\"  style=\"gap: 10px;\">\n\t\t<div class=\"sbi_item sbi_type_carousel sbi_new sbi_transition\"\n\tid=\"sbi_18043974122138896\" data-date=\"1733304528\">\n\t<div class=\"sbi_photo_wrap\">\n\t\t<a class=\"sbi_photo\" href=\"https:\/\/www.instagram.com\/p\/DDJsQZxRuwl\/\" target=\"_blank\" rel=\"noopener nofollow\"\n\t\t\tdata-full-res=\"https:\/\/scontent-mad1-1.cdninstagram.com\/v\/t51.2885-15\/469223217_1362102978498493_7999112745829726804_n.jpg?_nc_cat=102&#038;ccb=1-7&#038;_nc_sid=18de74&#038;_nc_ohc=s4mLn5icB_AQ7kNvgGvl90c&#038;_nc_zt=23&#038;_nc_ht=scontent-mad1-1.cdninstagram.com&#038;edm=ANo9K5cEAAAA&#038;oh=00_AYBQxXM40Nxy5fjVerhyj67pzrTW9Lrl8bE-9xMklE6uaQ&#038;oe=6755F0FC\"\n\t\t\tdata-img-src-set=\"{&quot;d&quot;:&quot;https:\\\/\\\/scontent-mad1-1.cdninstagram.com\\\/v\\\/t51.2885-15\\\/469223217_1362102978498493_7999112745829726804_n.jpg?_nc_cat=102&amp;ccb=1-7&amp;_nc_sid=18de74&amp;_nc_ohc=s4mLn5icB_AQ7kNvgGvl90c&amp;_nc_zt=23&amp;_nc_ht=scontent-mad1-1.cdninstagram.com&amp;edm=ANo9K5cEAAAA&amp;oh=00_AYBQxXM40Nxy5fjVerhyj67pzrTW9Lrl8bE-9xMklE6uaQ&amp;oe=6755F0FC&quot;,&quot;150&quot;:&quot;https:\\\/\\\/scontent-mad1-1.cdninstagram.com\\\/v\\\/t51.2885-15\\\/469223217_1362102978498493_7999112745829726804_n.jpg?_nc_cat=102&amp;ccb=1-7&amp;_nc_sid=18de74&amp;_nc_ohc=s4mLn5icB_AQ7kNvgGvl90c&amp;_nc_zt=23&amp;_nc_ht=scontent-mad1-1.cdninstagram.com&amp;edm=ANo9K5cEAAAA&amp;oh=00_AYBQxXM40Nxy5fjVerhyj67pzrTW9Lrl8bE-9xMklE6uaQ&amp;oe=6755F0FC&quot;,&quot;320&quot;:&quot;https:\\\/\\\/ramardos.com\\\/wp-content\\\/uploads\\\/sb-instagram-feed-images\\\/469223217_1362102978498493_7999112745829726804_nlow.webp&quot;,&quot;640&quot;:&quot;https:\\\/\\\/ramardos.com\\\/wp-content\\\/uploads\\\/sb-instagram-feed-images\\\/469223217_1362102978498493_7999112745829726804_nfull.webp&quot;}\">\n\t\t\t<span class=\"sbi-screenreader\">\ud83d\udd09Els alumnes de batxillerat de la mat\u00e8ria de Comun<\/span>\n\t\t\t<svg class=\"svg-inline--fa fa-clone fa-w-16 sbi_lightbox_carousel_icon\" aria-hidden=\"true\" aria-label=\"Clone\" data-fa-pro\u0192cessed=\"\" data-prefix=\"far\" data-icon=\"clone\" role=\"img\" xmlns=\"http:\/\/www.w3.org\/2000\/svg\" viewBox=\"0 0 512 512\">\n                    <path fill=\"currentColor\" d=\"M464 0H144c-26.51 0-48 21.49-48 48v48H48c-26.51 0-48 21.49-48 48v320c0 26.51 21.49 48 48 48h320c26.51 0 48-21.49 48-48v-48h48c26.51 0 48-21.49 48-48V48c0-26.51-21.49-48-48-48zM362 464H54a6 6 0 0 1-6-6V150a6 6 0 0 1 6-6h42v224c0 26.51 21.49 48 48 48h224v42a6 6 0 0 1-6 6zm96-96H150a6 6 0 0 1-6-6V54a6 6 0 0 1 6-6h308a6 6 0 0 1 6 6v308a6 6 0 0 1-6 6z\"><\/path>\n                <\/svg>\t\t\t\t\t\t<img decoding=\"async\" src=\"https:\/\/ramardos.com\/wp-content\/plugins\/instagram-feed\/img\/placeholder.png\" alt=\"\ud83d\udd09Els alumnes de batxillerat de la mat\u00e8ria de Comunicaci\u00f3 Audiovisual van visitar les instal\u00b7lacions de TV Sabadell Vall\u00e8s \ud83d\udcf9on es van convertir en presentadors del telenot\u00edcies i reporters locals\ud83d\udcfa\u2728.\n\n#GrupRamar #ramar2 #educaci\u00f3 #educant #aprendre #educacioenvalors #educadors #alumnes #professors #escola #sabadell #escola\" aria-hidden=\"true\">\n\t\t<\/a>\n\t<\/div>\n<\/div><div class=\"sbi_item sbi_type_carousel sbi_new sbi_transition\"\n\tid=\"sbi_17858726568314023\" data-date=\"1733218292\">\n\t<div class=\"sbi_photo_wrap\">\n\t\t<a class=\"sbi_photo\" href=\"https:\/\/www.instagram.com\/p\/DDHHxoDxUDt\/\" target=\"_blank\" rel=\"noopener nofollow\"\n\t\t\tdata-full-res=\"https:\/\/scontent-mad1-1.cdninstagram.com\/v\/t51.2885-15\/469179181_1563650501186838_865556877485034754_n.jpg?_nc_cat=103&#038;ccb=1-7&#038;_nc_sid=18de74&#038;_nc_ohc=Fd8swe3AnTsQ7kNvgHbRxSf&#038;_nc_zt=23&#038;_nc_ht=scontent-mad1-1.cdninstagram.com&#038;edm=ANo9K5cEAAAA&#038;oh=00_AYBzIvx3edpAQ15cIvBydsqWoheOU6duPciN66ENVKM15g&#038;oe=6755F359\"\n\t\t\tdata-img-src-set=\"{&quot;d&quot;:&quot;https:\\\/\\\/scontent-mad1-1.cdninstagram.com\\\/v\\\/t51.2885-15\\\/469179181_1563650501186838_865556877485034754_n.jpg?_nc_cat=103&amp;ccb=1-7&amp;_nc_sid=18de74&amp;_nc_ohc=Fd8swe3AnTsQ7kNvgHbRxSf&amp;_nc_zt=23&amp;_nc_ht=scontent-mad1-1.cdninstagram.com&amp;edm=ANo9K5cEAAAA&amp;oh=00_AYBzIvx3edpAQ15cIvBydsqWoheOU6duPciN66ENVKM15g&amp;oe=6755F359&quot;,&quot;150&quot;:&quot;https:\\\/\\\/scontent-mad1-1.cdninstagram.com\\\/v\\\/t51.2885-15\\\/469179181_1563650501186838_865556877485034754_n.jpg?_nc_cat=103&amp;ccb=1-7&amp;_nc_sid=18de74&amp;_nc_ohc=Fd8swe3AnTsQ7kNvgHbRxSf&amp;_nc_zt=23&amp;_nc_ht=scontent-mad1-1.cdninstagram.com&amp;edm=ANo9K5cEAAAA&amp;oh=00_AYBzIvx3edpAQ15cIvBydsqWoheOU6duPciN66ENVKM15g&amp;oe=6755F359&quot;,&quot;320&quot;:&quot;https:\\\/\\\/ramardos.com\\\/wp-content\\\/uploads\\\/sb-instagram-feed-images\\\/469179181_1563650501186838_865556877485034754_nlow.webp&quot;,&quot;640&quot;:&quot;https:\\\/\\\/ramardos.com\\\/wp-content\\\/uploads\\\/sb-instagram-feed-images\\\/469179181_1563650501186838_865556877485034754_nfull.webp&quot;}\">\n\t\t\t<span class=\"sbi-screenreader\">\ud83d\udca5Els alumnes de 3r d&#039;ESO, en una de les pr\u00e0ctiques<\/span>\n\t\t\t<svg class=\"svg-inline--fa fa-clone fa-w-16 sbi_lightbox_carousel_icon\" aria-hidden=\"true\" aria-label=\"Clone\" data-fa-pro\u0192cessed=\"\" data-prefix=\"far\" data-icon=\"clone\" role=\"img\" xmlns=\"http:\/\/www.w3.org\/2000\/svg\" viewBox=\"0 0 512 512\">\n                    <path fill=\"currentColor\" d=\"M464 0H144c-26.51 0-48 21.49-48 48v48H48c-26.51 0-48 21.49-48 48v320c0 26.51 21.49 48 48 48h320c26.51 0 48-21.49 48-48v-48h48c26.51 0 48-21.49 48-48V48c0-26.51-21.49-48-48-48zM362 464H54a6 6 0 0 1-6-6V150a6 6 0 0 1 6-6h42v224c0 26.51 21.49 48 48 48h224v42a6 6 0 0 1-6 6zm96-96H150a6 6 0 0 1-6-6V54a6 6 0 0 1 6-6h308a6 6 0 0 1 6 6v308a6 6 0 0 1-6 6z\"><\/path>\n                <\/svg>\t\t\t\t\t\t<img decoding=\"async\" src=\"https:\/\/ramardos.com\/wp-content\/plugins\/instagram-feed\/img\/placeholder.png\" alt=\"\ud83d\udca5Els alumnes de 3r d&#039;ESO, en una de les pr\u00e0ctiques de Biologia, han disseccionat un cor de be \ud83d\udc0f per ajudar-los a entendre i descobrir com \u00e9s la seva estructura i les seves semblances amb el cor \ud83e\udd0e hum\u00e0.\n\n#GrupRamar #ramar2 #educaci\u00f3 #educant #aprendre #educacioenvalors #educadors #alumnes #professors #escola #sabadell #escola\" aria-hidden=\"true\">\n\t\t<\/a>\n\t<\/div>\n<\/div><div class=\"sbi_item sbi_type_carousel sbi_new sbi_transition\"\n\tid=\"sbi_17982143390784576\" data-date=\"1732786858\">\n\t<div class=\"sbi_photo_wrap\">\n\t\t<a class=\"sbi_photo\" href=\"https:\/\/www.instagram.com\/p\/DC6Q4U8xYNu\/\" target=\"_blank\" rel=\"noopener nofollow\"\n\t\t\tdata-full-res=\"https:\/\/scontent-mad1-1.cdninstagram.com\/v\/t51.2885-15\/468507184_1364110628297519_8504504728279333016_n.jpg?_nc_cat=102&#038;ccb=1-7&#038;_nc_sid=18de74&#038;_nc_ohc=RJq-90MOKM4Q7kNvgEkWtVo&#038;_nc_zt=23&#038;_nc_ht=scontent-mad1-1.cdninstagram.com&#038;edm=ANo9K5cEAAAA&#038;oh=00_AYBFTxHAQT7jn9nRYKdBkuvbMkJtQ6srP9UBhlmWVIrmlQ&#038;oe=67561A6A\"\n\t\t\tdata-img-src-set=\"{&quot;d&quot;:&quot;https:\\\/\\\/scontent-mad1-1.cdninstagram.com\\\/v\\\/t51.2885-15\\\/468507184_1364110628297519_8504504728279333016_n.jpg?_nc_cat=102&amp;ccb=1-7&amp;_nc_sid=18de74&amp;_nc_ohc=RJq-90MOKM4Q7kNvgEkWtVo&amp;_nc_zt=23&amp;_nc_ht=scontent-mad1-1.cdninstagram.com&amp;edm=ANo9K5cEAAAA&amp;oh=00_AYBFTxHAQT7jn9nRYKdBkuvbMkJtQ6srP9UBhlmWVIrmlQ&amp;oe=67561A6A&quot;,&quot;150&quot;:&quot;https:\\\/\\\/scontent-mad1-1.cdninstagram.com\\\/v\\\/t51.2885-15\\\/468507184_1364110628297519_8504504728279333016_n.jpg?_nc_cat=102&amp;ccb=1-7&amp;_nc_sid=18de74&amp;_nc_ohc=RJq-90MOKM4Q7kNvgEkWtVo&amp;_nc_zt=23&amp;_nc_ht=scontent-mad1-1.cdninstagram.com&amp;edm=ANo9K5cEAAAA&amp;oh=00_AYBFTxHAQT7jn9nRYKdBkuvbMkJtQ6srP9UBhlmWVIrmlQ&amp;oe=67561A6A&quot;,&quot;320&quot;:&quot;https:\\\/\\\/ramardos.com\\\/wp-content\\\/uploads\\\/sb-instagram-feed-images\\\/468507184_1364110628297519_8504504728279333016_nlow.webp&quot;,&quot;640&quot;:&quot;https:\\\/\\\/ramardos.com\\\/wp-content\\\/uploads\\\/sb-instagram-feed-images\\\/468507184_1364110628297519_8504504728279333016_nfull.webp&quot;}\">\n\t\t\t<span class=\"sbi-screenreader\">\u27a1\ufe0fEl dimecres passat els alumnes de 1r batxillerat<\/span>\n\t\t\t<svg class=\"svg-inline--fa fa-clone fa-w-16 sbi_lightbox_carousel_icon\" aria-hidden=\"true\" aria-label=\"Clone\" data-fa-pro\u0192cessed=\"\" data-prefix=\"far\" data-icon=\"clone\" role=\"img\" xmlns=\"http:\/\/www.w3.org\/2000\/svg\" viewBox=\"0 0 512 512\">\n                    <path fill=\"currentColor\" d=\"M464 0H144c-26.51 0-48 21.49-48 48v48H48c-26.51 0-48 21.49-48 48v320c0 26.51 21.49 48 48 48h320c26.51 0 48-21.49 48-48v-48h48c26.51 0 48-21.49 48-48V48c0-26.51-21.49-48-48-48zM362 464H54a6 6 0 0 1-6-6V150a6 6 0 0 1 6-6h42v224c0 26.51 21.49 48 48 48h224v42a6 6 0 0 1-6 6zm96-96H150a6 6 0 0 1-6-6V54a6 6 0 0 1 6-6h308a6 6 0 0 1 6 6v308a6 6 0 0 1-6 6z\"><\/path>\n                <\/svg>\t\t\t\t\t\t<img decoding=\"async\" src=\"https:\/\/ramardos.com\/wp-content\/plugins\/instagram-feed\/img\/placeholder.png\" alt=\"\u27a1\ufe0fEl dimecres passat els alumnes de 1r batxillerat van participar en la tradicional jornada esportiva\ud83e\udd3e\u200d\u2642\ufe0f\ud83e\udd38\u200d\u2640\ufe0f\ud83c\udfcb\ufe0f\u200d\u2642\ufe0f.\n\n#GrupRamar #ramar2 #educaci\u00f3 #educant #aprendre #educacioenvalors #educadors #alumnes #professors #escola #sabadell #escola\" aria-hidden=\"true\">\n\t\t<\/a>\n\t<\/div>\n<\/div><div class=\"sbi_item sbi_type_video sbi_new sbi_transition\"\n\tid=\"sbi_18072677212717675\" data-date=\"1732618099\">\n\t<div class=\"sbi_photo_wrap\">\n\t\t<a class=\"sbi_photo\" href=\"https:\/\/www.instagram.com\/reel\/DC1O0HSNtqG\/\" target=\"_blank\" rel=\"noopener nofollow\"\n\t\t\tdata-full-res=\"https:\/\/scontent-mad2-1.cdninstagram.com\/v\/t51.29350-15\/468258284_585859630630887_1687592382690488867_n.jpg?_nc_cat=108&#038;ccb=1-7&#038;_nc_sid=18de74&#038;_nc_ohc=tSWXJyv1i4cQ7kNvgFnYYPu&#038;_nc_zt=23&#038;_nc_ht=scontent-mad2-1.cdninstagram.com&#038;edm=ANo9K5cEAAAA&#038;_nc_gid=AJgg23QC-ssGF6BW-uxMVSo&#038;oh=00_AYAjWVlAEC3nxxP4HV52q5ZYDXN1uicbuzMZHLvljCpo1w&#038;oe=67562337\"\n\t\t\tdata-img-src-set=\"{&quot;d&quot;:&quot;https:\\\/\\\/scontent-mad2-1.cdninstagram.com\\\/v\\\/t51.29350-15\\\/468258284_585859630630887_1687592382690488867_n.jpg?_nc_cat=108&amp;ccb=1-7&amp;_nc_sid=18de74&amp;_nc_ohc=tSWXJyv1i4cQ7kNvgFnYYPu&amp;_nc_zt=23&amp;_nc_ht=scontent-mad2-1.cdninstagram.com&amp;edm=ANo9K5cEAAAA&amp;_nc_gid=AJgg23QC-ssGF6BW-uxMVSo&amp;oh=00_AYAjWVlAEC3nxxP4HV52q5ZYDXN1uicbuzMZHLvljCpo1w&amp;oe=67562337&quot;,&quot;150&quot;:&quot;https:\\\/\\\/scontent-mad2-1.cdninstagram.com\\\/v\\\/t51.29350-15\\\/468258284_585859630630887_1687592382690488867_n.jpg?_nc_cat=108&amp;ccb=1-7&amp;_nc_sid=18de74&amp;_nc_ohc=tSWXJyv1i4cQ7kNvgFnYYPu&amp;_nc_zt=23&amp;_nc_ht=scontent-mad2-1.cdninstagram.com&amp;edm=ANo9K5cEAAAA&amp;_nc_gid=AJgg23QC-ssGF6BW-uxMVSo&amp;oh=00_AYAjWVlAEC3nxxP4HV52q5ZYDXN1uicbuzMZHLvljCpo1w&amp;oe=67562337&quot;,&quot;320&quot;:&quot;https:\\\/\\\/ramardos.com\\\/wp-content\\\/uploads\\\/sb-instagram-feed-images\\\/468258284_585859630630887_1687592382690488867_nlow.webp&quot;,&quot;640&quot;:&quot;https:\\\/\\\/ramardos.com\\\/wp-content\\\/uploads\\\/sb-instagram-feed-images\\\/468258284_585859630630887_1687592382690488867_nfull.webp&quot;}\">\n\t\t\t<span class=\"sbi-screenreader\">Els alumnes de la mat\u00e8ria de Creaci\u00f3 liter\u00e0ria \ud83d\udd8c\ufe0f\ud83d\udcd5<\/span>\n\t\t\t\t\t\t<svg style=\"color: rgba(255,255,255,1)\" class=\"svg-inline--fa fa-play fa-w-14 sbi_playbtn\" aria-label=\"Play\" aria-hidden=\"true\" data-fa-processed=\"\" data-prefix=\"fa\" data-icon=\"play\" role=\"presentation\" xmlns=\"http:\/\/www.w3.org\/2000\/svg\" viewBox=\"0 0 448 512\"><path fill=\"currentColor\" d=\"M424.4 214.7L72.4 6.6C43.8-10.3 0 6.1 0 47.9V464c0 37.5 40.7 60.1 72.4 41.3l352-208c31.4-18.5 31.5-64.1 0-82.6z\"><\/path><\/svg>\t\t\t<img decoding=\"async\" src=\"https:\/\/ramardos.com\/wp-content\/plugins\/instagram-feed\/img\/placeholder.png\" alt=\"Els alumnes de la mat\u00e8ria de Creaci\u00f3 liter\u00e0ria \ud83d\udd8c\ufe0f\ud83d\udcd5 de 1r de Batxillerat han treballat el tema de la identitat personal. Despr\u00e9s d&#039;escriure un poema sobre la seva pr\u00f2pia ess\u00e8ncia, n&#039;han elaborat un document audiovisual\ud83c\udfa5\ud83c\udf9e\ufe0f.\n\n#GrupRamar #ramar2 #educaci\u00f3 #educant #aprendre #educacioenvalors #educadors #alumnes #professors #escola #sabadell #escola\" aria-hidden=\"true\">\n\t\t<\/a>\n\t<\/div>\n<\/div><div class=\"sbi_item sbi_type_carousel sbi_new sbi_transition\"\n\tid=\"sbi_18146620528349803\" data-date=\"1732548434\">\n\t<div class=\"sbi_photo_wrap\">\n\t\t<a class=\"sbi_photo\" href=\"https:\/\/www.instagram.com\/p\/DCzKICfouQc\/\" target=\"_blank\" rel=\"noopener nofollow\"\n\t\t\tdata-full-res=\"https:\/\/scontent-mad1-1.cdninstagram.com\/v\/t51.29350-15\/467764769_584248057352626_4853272856944151650_n.webp?stp=dst-jpg_tt6&#038;_nc_cat=103&#038;ccb=1-7&#038;_nc_sid=18de74&#038;_nc_ohc=Fv8AvPT6dEAQ7kNvgEa_cdM&#038;_nc_zt=23&#038;_nc_ht=scontent-mad1-1.cdninstagram.com&#038;edm=ANo9K5cEAAAA&#038;_nc_gid=AJgg23QC-ssGF6BW-uxMVSo&#038;oh=00_AYCE3s3yx49EkoTIK5iJPFxCvEjsDF0FdzYtKofnhfrcDw&#038;oe=6755EF85\"\n\t\t\tdata-img-src-set=\"{&quot;d&quot;:&quot;https:\\\/\\\/scontent-mad1-1.cdninstagram.com\\\/v\\\/t51.29350-15\\\/467764769_584248057352626_4853272856944151650_n.webp?stp=dst-jpg_tt6&amp;_nc_cat=103&amp;ccb=1-7&amp;_nc_sid=18de74&amp;_nc_ohc=Fv8AvPT6dEAQ7kNvgEa_cdM&amp;_nc_zt=23&amp;_nc_ht=scontent-mad1-1.cdninstagram.com&amp;edm=ANo9K5cEAAAA&amp;_nc_gid=AJgg23QC-ssGF6BW-uxMVSo&amp;oh=00_AYCE3s3yx49EkoTIK5iJPFxCvEjsDF0FdzYtKofnhfrcDw&amp;oe=6755EF85&quot;,&quot;150&quot;:&quot;https:\\\/\\\/scontent-mad1-1.cdninstagram.com\\\/v\\\/t51.29350-15\\\/467764769_584248057352626_4853272856944151650_n.webp?stp=dst-jpg_tt6&amp;_nc_cat=103&amp;ccb=1-7&amp;_nc_sid=18de74&amp;_nc_ohc=Fv8AvPT6dEAQ7kNvgEa_cdM&amp;_nc_zt=23&amp;_nc_ht=scontent-mad1-1.cdninstagram.com&amp;edm=ANo9K5cEAAAA&amp;_nc_gid=AJgg23QC-ssGF6BW-uxMVSo&amp;oh=00_AYCE3s3yx49EkoTIK5iJPFxCvEjsDF0FdzYtKofnhfrcDw&amp;oe=6755EF85&quot;,&quot;320&quot;:&quot;https:\\\/\\\/ramardos.com\\\/wp-content\\\/uploads\\\/sb-instagram-feed-images\\\/467764769_584248057352626_4853272856944151650_nlow.webp&quot;,&quot;640&quot;:&quot;https:\\\/\\\/ramardos.com\\\/wp-content\\\/uploads\\\/sb-instagram-feed-images\\\/467764769_584248057352626_4853272856944151650_nfull.webp&quot;}\">\n\t\t\t<span class=\"sbi-screenreader\">\u2705\ufe0fEl dijous 21 de novembre els alumnes de 4t d\u2019ESO<\/span>\n\t\t\t<svg class=\"svg-inline--fa fa-clone fa-w-16 sbi_lightbox_carousel_icon\" aria-hidden=\"true\" aria-label=\"Clone\" data-fa-pro\u0192cessed=\"\" data-prefix=\"far\" data-icon=\"clone\" role=\"img\" xmlns=\"http:\/\/www.w3.org\/2000\/svg\" viewBox=\"0 0 512 512\">\n                    <path fill=\"currentColor\" d=\"M464 0H144c-26.51 0-48 21.49-48 48v48H48c-26.51 0-48 21.49-48 48v320c0 26.51 21.49 48 48 48h320c26.51 0 48-21.49 48-48v-48h48c26.51 0 48-21.49 48-48V48c0-26.51-21.49-48-48-48zM362 464H54a6 6 0 0 1-6-6V150a6 6 0 0 1 6-6h42v224c0 26.51 21.49 48 48 48h224v42a6 6 0 0 1-6 6zm96-96H150a6 6 0 0 1-6-6V54a6 6 0 0 1 6-6h308a6 6 0 0 1 6 6v308a6 6 0 0 1-6 6z\"><\/path>\n                <\/svg>\t\t\t\t\t\t<img decoding=\"async\" src=\"https:\/\/ramardos.com\/wp-content\/plugins\/instagram-feed\/img\/placeholder.png\" alt=\"\u2705\ufe0fEl dijous 21 de novembre els alumnes de 4t d\u2019ESO van assistir, a l\u2019auditori de l\u2019Escola, a una confer\u00e8ncia-col\u00b7loqui, &quot;Viatge a l\u2019espai: qu\u00e8 s\u2019amaga darrera la tecnologia dels coets?&quot;, a c\u00e0rrec de l\u2019Alba Badia Rif\u00e0, exalumna de Ramar 2, enginyera\u00a0Industrial per l\u2019UPC de Terrassa, Team Leader de\u00a0l\u2019equip\u00a0de\u00a0coeteria\u00a0Cosmic Research, Business Developer a\u00a0l\u2019empresa\u00a0espacial GTD i Premi Dona TIC Revelaci\u00f3 2023 per la Generalitat de Catalunya.\u00a0\n\n\u2705\ufe0fVa presentar tamb\u00e9\u00a0l\u2019associaci\u00f3\u00a0Cosmic Research, que ha llan\u00e7at el coet \ud83d\uddfcm\u00e9s potent fet per estudiants a Espanya i ha estat el primer equip de l\u2019estat en ser acceptat per competir a la Spaceport America Cup, la competici\u00f3 de\u00a0coeteria\u00a0universit\u00e0ria m\u00e9s prestigiosa del m\u00f3n, celebrada als Estats Units.\n\n@cosmicresearch\n\n#escoles #educadors #educar #sabadell\" aria-hidden=\"true\">\n\t\t<\/a>\n\t<\/div>\n<\/div>\t<\/div>\n\n\t<div id=\"sbi_load\" >\n\n\t\t\t<button class=\"sbi_load_btn\"\n\t\t\ttype=\"button\"  style=\"background: rgb(243,244,245);color: rgb(44,50,76);\">\n\t\t\t<span class=\"sbi_btn_text\" >Cargar m\u00e1s<\/span>\n\t\t\t<span class=\"sbi_loader sbi_hidden\" style=\"background-color: rgb(255, 255, 255);\" aria-hidden=\"true\"><\/span>\n\t\t<\/button>\n\t\n\t\n<\/div>\n\t\t<span class=\"sbi_resized_image_data\" data-feed-id=\"*1\"\n\t\t  data-resized=\"{&quot;18146620528349803&quot;:{&quot;id&quot;:&quot;467764769_584248057352626_4853272856944151650_n&quot;,&quot;ratio&quot;:&quot;1.00&quot;,&quot;sizes&quot;:{&quot;full&quot;:640,&quot;low&quot;:320,&quot;thumb&quot;:150},&quot;extension&quot;:&quot;.webp&quot;},&quot;18072677212717675&quot;:{&quot;id&quot;:&quot;468258284_585859630630887_1687592382690488867_n&quot;,&quot;ratio&quot;:&quot;1.00&quot;,&quot;sizes&quot;:{&quot;full&quot;:640,&quot;low&quot;:320,&quot;thumb&quot;:150},&quot;extension&quot;:&quot;.webp&quot;},&quot;17982143390784576&quot;:{&quot;id&quot;:&quot;468507184_1364110628297519_8504504728279333016_n&quot;,&quot;ratio&quot;:&quot;1.10&quot;,&quot;sizes&quot;:{&quot;full&quot;:640,&quot;low&quot;:320,&quot;thumb&quot;:150},&quot;extension&quot;:&quot;.webp&quot;},&quot;17858726568314023&quot;:{&quot;id&quot;:&quot;469179181_1563650501186838_865556877485034754_n&quot;,&quot;ratio&quot;:&quot;1.00&quot;,&quot;sizes&quot;:{&quot;full&quot;:640,&quot;low&quot;:320,&quot;thumb&quot;:150},&quot;extension&quot;:&quot;.webp&quot;},&quot;18043974122138896&quot;:{&quot;id&quot;:&quot;469223217_1362102978498493_7999112745829726804_n&quot;,&quot;ratio&quot;:&quot;1.33&quot;,&quot;sizes&quot;:{&quot;full&quot;:640,&quot;low&quot;:320,&quot;thumb&quot;:150},&quot;extension&quot;:&quot;.webp&quot;}}\">\n\t<\/span>\n\t<\/div>\n\n\t<style type=\"text\/css\">\n\t\t\t\t#sb_instagram #sbi_load .sbi_load_btn:focus,\n\t\t#sb_instagram #sbi_load .sbi_load_btn:hover {\n\t\t\toutline: none;\n\t\t\tbox-shadow: inset 0 0 20px 20px#E8E8EB;\n\t\t}\n\n\t\t\t\t\t\t#sb_instagram .sbi_follow_btn a:hover,\n\t\t#sb_instagram .sbi_follow_btn a:focus {\n\t\t\toutline: none;\n\t\t\tbox-shadow: inset 0 0 10px 20px#005B8C;\n\t\t}\n\n\t\t\t<\/style>\n\t<\/div>\n\t\t\t\t\t\t<\/div>\n\t\t\t\t<\/div>\n\t\t\t\t\t<\/div>\n\t\t\t\t<\/div>\n\t\t<div class=\"elementor-element elementor-element-154e07e e-flex e-con-boxed e-con e-child\" data-id=\"154e07e\" data-element_type=\"container\">\n\t\t\t\t\t<div class=\"e-con-inner\">\n\t\t\t\t<div class=\"elementor-element elementor-element-e811ec0 elementor-widget elementor-widget-heading\" data-id=\"e811ec0\" data-element_type=\"widget\" data-widget_type=\"heading.default\">\n\t\t\t\t<div class=\"elementor-widget-container\">\n\t\t\t\t\t<h3 class=\"elementor-heading-title elementor-size-default\">Facebook de <span style=\"color: #e73843\"> Tic-Tac<\/span><\/h3>\t\t\t\t<\/div>\n\t\t\t\t<\/div>\n\t\t\t\t<div class=\"elementor-element elementor-element-0dc1e4c elementor-widget elementor-widget-html\" data-id=\"0dc1e4c\" data-element_type=\"widget\" data-widget_type=\"html.default\">\n\t\t\t\t<div class=\"elementor-widget-container\">\n\t\t\t\t\t<div id=\"fb-root\"><\/div>\r\n<script async defer crossorigin=\"anonymous\" src=\"https:\/\/connect.facebook.net\/es_ES\/sdk.js#xfbml=1&version=v6.0\"><\/script>\r\n<div class=\"fb-page\" data-href=\"https:\/\/www.facebook.com\/LlarInfantsTicTac\/\" data-tabs=\"timeline\" data-width=\"800px\" data-height=\"\" data-small-header=\"true\" data-adapt-container-width=\"true\" data-hide-cover=\"false\" data-show-facepile=\"false\"><blockquote cite=\"https:\/\/www.facebook.com\/LlarInfantsTicTac\/\" class=\"fb-xfbml-parse-ignore\"><a href=\"https:\/\/www.facebook.com\/LlarInfantsTicTac\/\">Llar Infants Tic-Tac<\/a><\/blockquote><\/div>\t\t\t\t<\/div>\n\t\t\t\t<\/div>\n\t\t\t\t\t<\/div>\n\t\t\t\t<\/div>\n\t\t\t\t\t<\/div>\n\t\t\t\t<\/div>\n\t\t\t\t<\/div>\n\t\t<div class=\"elementor-element elementor-element-2493227 e-con-full e-flex e-con e-parent\" data-id=\"2493227\" data-element_type=\"container\">\n\t\t<div class=\"elementor-element elementor-element-815d7e3 e-flex e-con-boxed e-con e-child\" data-id=\"815d7e3\" data-element_type=\"container\">\n\t\t\t\t\t<div class=\"e-con-inner\">\n\t\t<div class=\"elementor-element elementor-element-53b64de e-flex e-con-boxed e-con e-child\" data-id=\"53b64de\" data-element_type=\"container\">\n\t\t\t\t\t<div class=\"e-con-inner\">\n\t\t\t\t<div class=\"elementor-element elementor-element-ed1ee24 elementor-widget elementor-widget-heading\" data-id=\"ed1ee24\" data-element_type=\"widget\" data-widget_type=\"heading.default\">\n\t\t\t\t<div class=\"elementor-widget-container\">\n\t\t\t\t\t<h3 class=\"elementor-heading-title elementor-size-default\">Instagram de <span style=\"color: #e73843\"> Escola del Sol<\/span><\/h3>\t\t\t\t<\/div>\n\t\t\t\t<\/div>\n\t\t\t\t<div class=\"elementor-element elementor-element-b4b6955 elementor-widget elementor-widget-shortcode\" data-id=\"b4b6955\" data-element_type=\"widget\" data-widget_type=\"shortcode.default\">\n\t\t\t\t<div class=\"elementor-widget-container\">\n\t\t\t\t\t\t\t<div class=\"elementor-shortcode\">\n<div id=\"sb_instagram\"  class=\"sbi sbi_mob_col_1 sbi_tab_col_2 sbi_col_3 sbi_width_resp\" style=\"padding-bottom: 10px;\"\t data-feedid=\"*1\"  data-res=\"medium\" data-cols=\"3\" data-colsmobile=\"1\" data-colstablet=\"2\" data-num=\"5\" data-nummobile=\"\" data-item-padding=\"5\"\t data-shortcode-atts=\"{&quot;user&quot;:&quot;escoladelsol&quot;,&quot;cachetime&quot;:30}\"  data-postid=\"25192\" data-locatornonce=\"4c9e7336f2\" data-imageaspectratio=\"1:1\" data-sbi-flags=\"favorLocal,gdpr\">\n\t<div class=\"sb_instagram_header  sbi_medium\"   >\n\t<a class=\"sbi_header_link\" target=\"_blank\"\n\t   rel=\"nofollow noopener\" href=\"https:\/\/www.instagram.com\/ramardos\/\" title=\"@ramardos\">\n\t\t<div class=\"sbi_header_text sbi_no_bio\">\n\t\t\t<div class=\"sbi_header_img\">\n\t\t\t\t\t\t\t\t\t<div class=\"sbi_header_img_hover\"  ><svg class=\"sbi_new_logo fa-instagram fa-w-14\" aria-hidden=\"true\" data-fa-processed=\"\" aria-label=\"Instagram\" data-prefix=\"fab\" data-icon=\"instagram\" role=\"img\" viewBox=\"0 0 448 512\">\n                    <path fill=\"currentColor\" d=\"M224.1 141c-63.6 0-114.9 51.3-114.9 114.9s51.3 114.9 114.9 114.9S339 319.5 339 255.9 287.7 141 224.1 141zm0 189.6c-41.1 0-74.7-33.5-74.7-74.7s33.5-74.7 74.7-74.7 74.7 33.5 74.7 74.7-33.6 74.7-74.7 74.7zm146.4-194.3c0 14.9-12 26.8-26.8 26.8-14.9 0-26.8-12-26.8-26.8s12-26.8 26.8-26.8 26.8 12 26.8 26.8zm76.1 27.2c-1.7-35.9-9.9-67.7-36.2-93.9-26.2-26.2-58-34.4-93.9-36.2-37-2.1-147.9-2.1-184.9 0-35.8 1.7-67.6 9.9-93.9 36.1s-34.4 58-36.2 93.9c-2.1 37-2.1 147.9 0 184.9 1.7 35.9 9.9 67.7 36.2 93.9s58 34.4 93.9 36.2c37 2.1 147.9 2.1 184.9 0 35.9-1.7 67.7-9.9 93.9-36.2 26.2-26.2 34.4-58 36.2-93.9 2.1-37 2.1-147.8 0-184.8zM398.8 388c-7.8 19.6-22.9 34.7-42.6 42.6-29.5 11.7-99.5 9-132.1 9s-102.7 2.6-132.1-9c-19.6-7.8-34.7-22.9-42.6-42.6-11.7-29.5-9-99.5-9-132.1s-2.6-102.7 9-132.1c7.8-19.6 22.9-34.7 42.6-42.6 29.5-11.7 99.5-9 132.1-9s102.7-2.6 132.1 9c19.6 7.8 34.7 22.9 42.6 42.6 11.7 29.5 9 99.5 9 132.1s2.7 102.7-9 132.1z\"><\/path>\n                <\/svg><\/div>\n\t\t\t\t\t<img decoding=\"async\"  src=\"https:\/\/ramardos.com\/wp-content\/plugins\/instagram-feed\/img\/thumb-placeholder.png\" alt=\"\" width=\"50\" height=\"50\">\n\t\t\t\t\n\t\t\t\t\t\t\t<\/div>\n\n\t\t\t<div class=\"sbi_feedtheme_header_text\">\n\t\t\t\t<h3>ramardos<\/h3>\n\t\t\t\t\t\t\t<\/div>\n\t\t<\/div>\n\t<\/a>\n<\/div>\n\n\t<div id=\"sbi_images\"  style=\"gap: 10px;\">\n\t\t<div class=\"sbi_item sbi_type_carousel sbi_new sbi_transition\"\n\tid=\"sbi_18043974122138896\" data-date=\"1733304528\">\n\t<div class=\"sbi_photo_wrap\">\n\t\t<a class=\"sbi_photo\" href=\"https:\/\/www.instagram.com\/p\/DDJsQZxRuwl\/\" target=\"_blank\" rel=\"noopener nofollow\"\n\t\t\tdata-full-res=\"https:\/\/scontent-mad1-1.cdninstagram.com\/v\/t51.2885-15\/469223217_1362102978498493_7999112745829726804_n.jpg?_nc_cat=102&#038;ccb=1-7&#038;_nc_sid=18de74&#038;_nc_ohc=s4mLn5icB_AQ7kNvgGvl90c&#038;_nc_zt=23&#038;_nc_ht=scontent-mad1-1.cdninstagram.com&#038;edm=ANo9K5cEAAAA&#038;oh=00_AYBQxXM40Nxy5fjVerhyj67pzrTW9Lrl8bE-9xMklE6uaQ&#038;oe=6755F0FC\"\n\t\t\tdata-img-src-set=\"{&quot;d&quot;:&quot;https:\\\/\\\/scontent-mad1-1.cdninstagram.com\\\/v\\\/t51.2885-15\\\/469223217_1362102978498493_7999112745829726804_n.jpg?_nc_cat=102&amp;ccb=1-7&amp;_nc_sid=18de74&amp;_nc_ohc=s4mLn5icB_AQ7kNvgGvl90c&amp;_nc_zt=23&amp;_nc_ht=scontent-mad1-1.cdninstagram.com&amp;edm=ANo9K5cEAAAA&amp;oh=00_AYBQxXM40Nxy5fjVerhyj67pzrTW9Lrl8bE-9xMklE6uaQ&amp;oe=6755F0FC&quot;,&quot;150&quot;:&quot;https:\\\/\\\/scontent-mad1-1.cdninstagram.com\\\/v\\\/t51.2885-15\\\/469223217_1362102978498493_7999112745829726804_n.jpg?_nc_cat=102&amp;ccb=1-7&amp;_nc_sid=18de74&amp;_nc_ohc=s4mLn5icB_AQ7kNvgGvl90c&amp;_nc_zt=23&amp;_nc_ht=scontent-mad1-1.cdninstagram.com&amp;edm=ANo9K5cEAAAA&amp;oh=00_AYBQxXM40Nxy5fjVerhyj67pzrTW9Lrl8bE-9xMklE6uaQ&amp;oe=6755F0FC&quot;,&quot;320&quot;:&quot;https:\\\/\\\/ramardos.com\\\/wp-content\\\/uploads\\\/sb-instagram-feed-images\\\/469223217_1362102978498493_7999112745829726804_nlow.webp&quot;,&quot;640&quot;:&quot;https:\\\/\\\/ramardos.com\\\/wp-content\\\/uploads\\\/sb-instagram-feed-images\\\/469223217_1362102978498493_7999112745829726804_nfull.webp&quot;}\">\n\t\t\t<span class=\"sbi-screenreader\">\ud83d\udd09Els alumnes de batxillerat de la mat\u00e8ria de Comun<\/span>\n\t\t\t<svg class=\"svg-inline--fa fa-clone fa-w-16 sbi_lightbox_carousel_icon\" aria-hidden=\"true\" aria-label=\"Clone\" data-fa-pro\u0192cessed=\"\" data-prefix=\"far\" data-icon=\"clone\" role=\"img\" xmlns=\"http:\/\/www.w3.org\/2000\/svg\" viewBox=\"0 0 512 512\">\n                    <path fill=\"currentColor\" d=\"M464 0H144c-26.51 0-48 21.49-48 48v48H48c-26.51 0-48 21.49-48 48v320c0 26.51 21.49 48 48 48h320c26.51 0 48-21.49 48-48v-48h48c26.51 0 48-21.49 48-48V48c0-26.51-21.49-48-48-48zM362 464H54a6 6 0 0 1-6-6V150a6 6 0 0 1 6-6h42v224c0 26.51 21.49 48 48 48h224v42a6 6 0 0 1-6 6zm96-96H150a6 6 0 0 1-6-6V54a6 6 0 0 1 6-6h308a6 6 0 0 1 6 6v308a6 6 0 0 1-6 6z\"><\/path>\n                <\/svg>\t\t\t\t\t\t<img decoding=\"async\" src=\"https:\/\/ramardos.com\/wp-content\/plugins\/instagram-feed\/img\/placeholder.png\" alt=\"\ud83d\udd09Els alumnes de batxillerat de la mat\u00e8ria de Comunicaci\u00f3 Audiovisual van visitar les instal\u00b7lacions de TV Sabadell Vall\u00e8s \ud83d\udcf9on es van convertir en presentadors del telenot\u00edcies i reporters locals\ud83d\udcfa\u2728.\n\n#GrupRamar #ramar2 #educaci\u00f3 #educant #aprendre #educacioenvalors #educadors #alumnes #professors #escola #sabadell #escola\" aria-hidden=\"true\">\n\t\t<\/a>\n\t<\/div>\n<\/div><div class=\"sbi_item sbi_type_carousel sbi_new sbi_transition\"\n\tid=\"sbi_17858726568314023\" data-date=\"1733218292\">\n\t<div class=\"sbi_photo_wrap\">\n\t\t<a class=\"sbi_photo\" href=\"https:\/\/www.instagram.com\/p\/DDHHxoDxUDt\/\" target=\"_blank\" rel=\"noopener nofollow\"\n\t\t\tdata-full-res=\"https:\/\/scontent-mad1-1.cdninstagram.com\/v\/t51.2885-15\/469179181_1563650501186838_865556877485034754_n.jpg?_nc_cat=103&#038;ccb=1-7&#038;_nc_sid=18de74&#038;_nc_ohc=Fd8swe3AnTsQ7kNvgHbRxSf&#038;_nc_zt=23&#038;_nc_ht=scontent-mad1-1.cdninstagram.com&#038;edm=ANo9K5cEAAAA&#038;oh=00_AYBzIvx3edpAQ15cIvBydsqWoheOU6duPciN66ENVKM15g&#038;oe=6755F359\"\n\t\t\tdata-img-src-set=\"{&quot;d&quot;:&quot;https:\\\/\\\/scontent-mad1-1.cdninstagram.com\\\/v\\\/t51.2885-15\\\/469179181_1563650501186838_865556877485034754_n.jpg?_nc_cat=103&amp;ccb=1-7&amp;_nc_sid=18de74&amp;_nc_ohc=Fd8swe3AnTsQ7kNvgHbRxSf&amp;_nc_zt=23&amp;_nc_ht=scontent-mad1-1.cdninstagram.com&amp;edm=ANo9K5cEAAAA&amp;oh=00_AYBzIvx3edpAQ15cIvBydsqWoheOU6duPciN66ENVKM15g&amp;oe=6755F359&quot;,&quot;150&quot;:&quot;https:\\\/\\\/scontent-mad1-1.cdninstagram.com\\\/v\\\/t51.2885-15\\\/469179181_1563650501186838_865556877485034754_n.jpg?_nc_cat=103&amp;ccb=1-7&amp;_nc_sid=18de74&amp;_nc_ohc=Fd8swe3AnTsQ7kNvgHbRxSf&amp;_nc_zt=23&amp;_nc_ht=scontent-mad1-1.cdninstagram.com&amp;edm=ANo9K5cEAAAA&amp;oh=00_AYBzIvx3edpAQ15cIvBydsqWoheOU6duPciN66ENVKM15g&amp;oe=6755F359&quot;,&quot;320&quot;:&quot;https:\\\/\\\/ramardos.com\\\/wp-content\\\/uploads\\\/sb-instagram-feed-images\\\/469179181_1563650501186838_865556877485034754_nlow.webp&quot;,&quot;640&quot;:&quot;https:\\\/\\\/ramardos.com\\\/wp-content\\\/uploads\\\/sb-instagram-feed-images\\\/469179181_1563650501186838_865556877485034754_nfull.webp&quot;}\">\n\t\t\t<span class=\"sbi-screenreader\">\ud83d\udca5Els alumnes de 3r d&#039;ESO, en una de les pr\u00e0ctiques<\/span>\n\t\t\t<svg class=\"svg-inline--fa fa-clone fa-w-16 sbi_lightbox_carousel_icon\" aria-hidden=\"true\" aria-label=\"Clone\" data-fa-pro\u0192cessed=\"\" data-prefix=\"far\" data-icon=\"clone\" role=\"img\" xmlns=\"http:\/\/www.w3.org\/2000\/svg\" viewBox=\"0 0 512 512\">\n                    <path fill=\"currentColor\" d=\"M464 0H144c-26.51 0-48 21.49-48 48v48H48c-26.51 0-48 21.49-48 48v320c0 26.51 21.49 48 48 48h320c26.51 0 48-21.49 48-48v-48h48c26.51 0 48-21.49 48-48V48c0-26.51-21.49-48-48-48zM362 464H54a6 6 0 0 1-6-6V150a6 6 0 0 1 6-6h42v224c0 26.51 21.49 48 48 48h224v42a6 6 0 0 1-6 6zm96-96H150a6 6 0 0 1-6-6V54a6 6 0 0 1 6-6h308a6 6 0 0 1 6 6v308a6 6 0 0 1-6 6z\"><\/path>\n                <\/svg>\t\t\t\t\t\t<img decoding=\"async\" src=\"https:\/\/ramardos.com\/wp-content\/plugins\/instagram-feed\/img\/placeholder.png\" alt=\"\ud83d\udca5Els alumnes de 3r d&#039;ESO, en una de les pr\u00e0ctiques de Biologia, han disseccionat un cor de be \ud83d\udc0f per ajudar-los a entendre i descobrir com \u00e9s la seva estructura i les seves semblances amb el cor \ud83e\udd0e hum\u00e0.\n\n#GrupRamar #ramar2 #educaci\u00f3 #educant #aprendre #educacioenvalors #educadors #alumnes #professors #escola #sabadell #escola\" aria-hidden=\"true\">\n\t\t<\/a>\n\t<\/div>\n<\/div><div class=\"sbi_item sbi_type_carousel sbi_new sbi_transition\"\n\tid=\"sbi_17982143390784576\" data-date=\"1732786858\">\n\t<div class=\"sbi_photo_wrap\">\n\t\t<a class=\"sbi_photo\" href=\"https:\/\/www.instagram.com\/p\/DC6Q4U8xYNu\/\" target=\"_blank\" rel=\"noopener nofollow\"\n\t\t\tdata-full-res=\"https:\/\/scontent-mad1-1.cdninstagram.com\/v\/t51.2885-15\/468507184_1364110628297519_8504504728279333016_n.jpg?_nc_cat=102&#038;ccb=1-7&#038;_nc_sid=18de74&#038;_nc_ohc=RJq-90MOKM4Q7kNvgEkWtVo&#038;_nc_zt=23&#038;_nc_ht=scontent-mad1-1.cdninstagram.com&#038;edm=ANo9K5cEAAAA&#038;oh=00_AYBFTxHAQT7jn9nRYKdBkuvbMkJtQ6srP9UBhlmWVIrmlQ&#038;oe=67561A6A\"\n\t\t\tdata-img-src-set=\"{&quot;d&quot;:&quot;https:\\\/\\\/scontent-mad1-1.cdninstagram.com\\\/v\\\/t51.2885-15\\\/468507184_1364110628297519_8504504728279333016_n.jpg?_nc_cat=102&amp;ccb=1-7&amp;_nc_sid=18de74&amp;_nc_ohc=RJq-90MOKM4Q7kNvgEkWtVo&amp;_nc_zt=23&amp;_nc_ht=scontent-mad1-1.cdninstagram.com&amp;edm=ANo9K5cEAAAA&amp;oh=00_AYBFTxHAQT7jn9nRYKdBkuvbMkJtQ6srP9UBhlmWVIrmlQ&amp;oe=67561A6A&quot;,&quot;150&quot;:&quot;https:\\\/\\\/scontent-mad1-1.cdninstagram.com\\\/v\\\/t51.2885-15\\\/468507184_1364110628297519_8504504728279333016_n.jpg?_nc_cat=102&amp;ccb=1-7&amp;_nc_sid=18de74&amp;_nc_ohc=RJq-90MOKM4Q7kNvgEkWtVo&amp;_nc_zt=23&amp;_nc_ht=scontent-mad1-1.cdninstagram.com&amp;edm=ANo9K5cEAAAA&amp;oh=00_AYBFTxHAQT7jn9nRYKdBkuvbMkJtQ6srP9UBhlmWVIrmlQ&amp;oe=67561A6A&quot;,&quot;320&quot;:&quot;https:\\\/\\\/ramardos.com\\\/wp-content\\\/uploads\\\/sb-instagram-feed-images\\\/468507184_1364110628297519_8504504728279333016_nlow.webp&quot;,&quot;640&quot;:&quot;https:\\\/\\\/ramardos.com\\\/wp-content\\\/uploads\\\/sb-instagram-feed-images\\\/468507184_1364110628297519_8504504728279333016_nfull.webp&quot;}\">\n\t\t\t<span class=\"sbi-screenreader\">\u27a1\ufe0fEl dimecres passat els alumnes de 1r batxillerat<\/span>\n\t\t\t<svg class=\"svg-inline--fa fa-clone fa-w-16 sbi_lightbox_carousel_icon\" aria-hidden=\"true\" aria-label=\"Clone\" data-fa-pro\u0192cessed=\"\" data-prefix=\"far\" data-icon=\"clone\" role=\"img\" xmlns=\"http:\/\/www.w3.org\/2000\/svg\" viewBox=\"0 0 512 512\">\n                    <path fill=\"currentColor\" d=\"M464 0H144c-26.51 0-48 21.49-48 48v48H48c-26.51 0-48 21.49-48 48v320c0 26.51 21.49 48 48 48h320c26.51 0 48-21.49 48-48v-48h48c26.51 0 48-21.49 48-48V48c0-26.51-21.49-48-48-48zM362 464H54a6 6 0 0 1-6-6V150a6 6 0 0 1 6-6h42v224c0 26.51 21.49 48 48 48h224v42a6 6 0 0 1-6 6zm96-96H150a6 6 0 0 1-6-6V54a6 6 0 0 1 6-6h308a6 6 0 0 1 6 6v308a6 6 0 0 1-6 6z\"><\/path>\n                <\/svg>\t\t\t\t\t\t<img decoding=\"async\" src=\"https:\/\/ramardos.com\/wp-content\/plugins\/instagram-feed\/img\/placeholder.png\" alt=\"\u27a1\ufe0fEl dimecres passat els alumnes de 1r batxillerat van participar en la tradicional jornada esportiva\ud83e\udd3e\u200d\u2642\ufe0f\ud83e\udd38\u200d\u2640\ufe0f\ud83c\udfcb\ufe0f\u200d\u2642\ufe0f.\n\n#GrupRamar #ramar2 #educaci\u00f3 #educant #aprendre #educacioenvalors #educadors #alumnes #professors #escola #sabadell #escola\" aria-hidden=\"true\">\n\t\t<\/a>\n\t<\/div>\n<\/div><div class=\"sbi_item sbi_type_video sbi_new sbi_transition\"\n\tid=\"sbi_18072677212717675\" data-date=\"1732618099\">\n\t<div class=\"sbi_photo_wrap\">\n\t\t<a class=\"sbi_photo\" href=\"https:\/\/www.instagram.com\/reel\/DC1O0HSNtqG\/\" target=\"_blank\" rel=\"noopener nofollow\"\n\t\t\tdata-full-res=\"https:\/\/scontent-mad2-1.cdninstagram.com\/v\/t51.29350-15\/468258284_585859630630887_1687592382690488867_n.jpg?_nc_cat=108&#038;ccb=1-7&#038;_nc_sid=18de74&#038;_nc_ohc=tSWXJyv1i4cQ7kNvgFnYYPu&#038;_nc_zt=23&#038;_nc_ht=scontent-mad2-1.cdninstagram.com&#038;edm=ANo9K5cEAAAA&#038;_nc_gid=AJgg23QC-ssGF6BW-uxMVSo&#038;oh=00_AYAjWVlAEC3nxxP4HV52q5ZYDXN1uicbuzMZHLvljCpo1w&#038;oe=67562337\"\n\t\t\tdata-img-src-set=\"{&quot;d&quot;:&quot;https:\\\/\\\/scontent-mad2-1.cdninstagram.com\\\/v\\\/t51.29350-15\\\/468258284_585859630630887_1687592382690488867_n.jpg?_nc_cat=108&amp;ccb=1-7&amp;_nc_sid=18de74&amp;_nc_ohc=tSWXJyv1i4cQ7kNvgFnYYPu&amp;_nc_zt=23&amp;_nc_ht=scontent-mad2-1.cdninstagram.com&amp;edm=ANo9K5cEAAAA&amp;_nc_gid=AJgg23QC-ssGF6BW-uxMVSo&amp;oh=00_AYAjWVlAEC3nxxP4HV52q5ZYDXN1uicbuzMZHLvljCpo1w&amp;oe=67562337&quot;,&quot;150&quot;:&quot;https:\\\/\\\/scontent-mad2-1.cdninstagram.com\\\/v\\\/t51.29350-15\\\/468258284_585859630630887_1687592382690488867_n.jpg?_nc_cat=108&amp;ccb=1-7&amp;_nc_sid=18de74&amp;_nc_ohc=tSWXJyv1i4cQ7kNvgFnYYPu&amp;_nc_zt=23&amp;_nc_ht=scontent-mad2-1.cdninstagram.com&amp;edm=ANo9K5cEAAAA&amp;_nc_gid=AJgg23QC-ssGF6BW-uxMVSo&amp;oh=00_AYAjWVlAEC3nxxP4HV52q5ZYDXN1uicbuzMZHLvljCpo1w&amp;oe=67562337&quot;,&quot;320&quot;:&quot;https:\\\/\\\/ramardos.com\\\/wp-content\\\/uploads\\\/sb-instagram-feed-images\\\/468258284_585859630630887_1687592382690488867_nlow.webp&quot;,&quot;640&quot;:&quot;https:\\\/\\\/ramardos.com\\\/wp-content\\\/uploads\\\/sb-instagram-feed-images\\\/468258284_585859630630887_1687592382690488867_nfull.webp&quot;}\">\n\t\t\t<span class=\"sbi-screenreader\">Els alumnes de la mat\u00e8ria de Creaci\u00f3 liter\u00e0ria \ud83d\udd8c\ufe0f\ud83d\udcd5<\/span>\n\t\t\t\t\t\t<svg style=\"color: rgba(255,255,255,1)\" class=\"svg-inline--fa fa-play fa-w-14 sbi_playbtn\" aria-label=\"Play\" aria-hidden=\"true\" data-fa-processed=\"\" data-prefix=\"fa\" data-icon=\"play\" role=\"presentation\" xmlns=\"http:\/\/www.w3.org\/2000\/svg\" viewBox=\"0 0 448 512\"><path fill=\"currentColor\" d=\"M424.4 214.7L72.4 6.6C43.8-10.3 0 6.1 0 47.9V464c0 37.5 40.7 60.1 72.4 41.3l352-208c31.4-18.5 31.5-64.1 0-82.6z\"><\/path><\/svg>\t\t\t<img decoding=\"async\" src=\"https:\/\/ramardos.com\/wp-content\/plugins\/instagram-feed\/img\/placeholder.png\" alt=\"Els alumnes de la mat\u00e8ria de Creaci\u00f3 liter\u00e0ria \ud83d\udd8c\ufe0f\ud83d\udcd5 de 1r de Batxillerat han treballat el tema de la identitat personal. Despr\u00e9s d&#039;escriure un poema sobre la seva pr\u00f2pia ess\u00e8ncia, n&#039;han elaborat un document audiovisual\ud83c\udfa5\ud83c\udf9e\ufe0f.\n\n#GrupRamar #ramar2 #educaci\u00f3 #educant #aprendre #educacioenvalors #educadors #alumnes #professors #escola #sabadell #escola\" aria-hidden=\"true\">\n\t\t<\/a>\n\t<\/div>\n<\/div><div class=\"sbi_item sbi_type_carousel sbi_new sbi_transition\"\n\tid=\"sbi_18146620528349803\" data-date=\"1732548434\">\n\t<div class=\"sbi_photo_wrap\">\n\t\t<a class=\"sbi_photo\" href=\"https:\/\/www.instagram.com\/p\/DCzKICfouQc\/\" target=\"_blank\" rel=\"noopener nofollow\"\n\t\t\tdata-full-res=\"https:\/\/scontent-mad1-1.cdninstagram.com\/v\/t51.29350-15\/467764769_584248057352626_4853272856944151650_n.webp?stp=dst-jpg_tt6&#038;_nc_cat=103&#038;ccb=1-7&#038;_nc_sid=18de74&#038;_nc_ohc=Fv8AvPT6dEAQ7kNvgEa_cdM&#038;_nc_zt=23&#038;_nc_ht=scontent-mad1-1.cdninstagram.com&#038;edm=ANo9K5cEAAAA&#038;_nc_gid=AJgg23QC-ssGF6BW-uxMVSo&#038;oh=00_AYCE3s3yx49EkoTIK5iJPFxCvEjsDF0FdzYtKofnhfrcDw&#038;oe=6755EF85\"\n\t\t\tdata-img-src-set=\"{&quot;d&quot;:&quot;https:\\\/\\\/scontent-mad1-1.cdninstagram.com\\\/v\\\/t51.29350-15\\\/467764769_584248057352626_4853272856944151650_n.webp?stp=dst-jpg_tt6&amp;_nc_cat=103&amp;ccb=1-7&amp;_nc_sid=18de74&amp;_nc_ohc=Fv8AvPT6dEAQ7kNvgEa_cdM&amp;_nc_zt=23&amp;_nc_ht=scontent-mad1-1.cdninstagram.com&amp;edm=ANo9K5cEAAAA&amp;_nc_gid=AJgg23QC-ssGF6BW-uxMVSo&amp;oh=00_AYCE3s3yx49EkoTIK5iJPFxCvEjsDF0FdzYtKofnhfrcDw&amp;oe=6755EF85&quot;,&quot;150&quot;:&quot;https:\\\/\\\/scontent-mad1-1.cdninstagram.com\\\/v\\\/t51.29350-15\\\/467764769_584248057352626_4853272856944151650_n.webp?stp=dst-jpg_tt6&amp;_nc_cat=103&amp;ccb=1-7&amp;_nc_sid=18de74&amp;_nc_ohc=Fv8AvPT6dEAQ7kNvgEa_cdM&amp;_nc_zt=23&amp;_nc_ht=scontent-mad1-1.cdninstagram.com&amp;edm=ANo9K5cEAAAA&amp;_nc_gid=AJgg23QC-ssGF6BW-uxMVSo&amp;oh=00_AYCE3s3yx49EkoTIK5iJPFxCvEjsDF0FdzYtKofnhfrcDw&amp;oe=6755EF85&quot;,&quot;320&quot;:&quot;https:\\\/\\\/ramardos.com\\\/wp-content\\\/uploads\\\/sb-instagram-feed-images\\\/467764769_584248057352626_4853272856944151650_nlow.webp&quot;,&quot;640&quot;:&quot;https:\\\/\\\/ramardos.com\\\/wp-content\\\/uploads\\\/sb-instagram-feed-images\\\/467764769_584248057352626_4853272856944151650_nfull.webp&quot;}\">\n\t\t\t<span class=\"sbi-screenreader\">\u2705\ufe0fEl dijous 21 de novembre els alumnes de 4t d\u2019ESO<\/span>\n\t\t\t<svg class=\"svg-inline--fa fa-clone fa-w-16 sbi_lightbox_carousel_icon\" aria-hidden=\"true\" aria-label=\"Clone\" data-fa-pro\u0192cessed=\"\" data-prefix=\"far\" data-icon=\"clone\" role=\"img\" xmlns=\"http:\/\/www.w3.org\/2000\/svg\" viewBox=\"0 0 512 512\">\n                    <path fill=\"currentColor\" d=\"M464 0H144c-26.51 0-48 21.49-48 48v48H48c-26.51 0-48 21.49-48 48v320c0 26.51 21.49 48 48 48h320c26.51 0 48-21.49 48-48v-48h48c26.51 0 48-21.49 48-48V48c0-26.51-21.49-48-48-48zM362 464H54a6 6 0 0 1-6-6V150a6 6 0 0 1 6-6h42v224c0 26.51 21.49 48 48 48h224v42a6 6 0 0 1-6 6zm96-96H150a6 6 0 0 1-6-6V54a6 6 0 0 1 6-6h308a6 6 0 0 1 6 6v308a6 6 0 0 1-6 6z\"><\/path>\n                <\/svg>\t\t\t\t\t\t<img decoding=\"async\" src=\"https:\/\/ramardos.com\/wp-content\/plugins\/instagram-feed\/img\/placeholder.png\" alt=\"\u2705\ufe0fEl dijous 21 de novembre els alumnes de 4t d\u2019ESO van assistir, a l\u2019auditori de l\u2019Escola, a una confer\u00e8ncia-col\u00b7loqui, &quot;Viatge a l\u2019espai: qu\u00e8 s\u2019amaga darrera la tecnologia dels coets?&quot;, a c\u00e0rrec de l\u2019Alba Badia Rif\u00e0, exalumna de Ramar 2, enginyera\u00a0Industrial per l\u2019UPC de Terrassa, Team Leader de\u00a0l\u2019equip\u00a0de\u00a0coeteria\u00a0Cosmic Research, Business Developer a\u00a0l\u2019empresa\u00a0espacial GTD i Premi Dona TIC Revelaci\u00f3 2023 per la Generalitat de Catalunya.\u00a0\n\n\u2705\ufe0fVa presentar tamb\u00e9\u00a0l\u2019associaci\u00f3\u00a0Cosmic Research, que ha llan\u00e7at el coet \ud83d\uddfcm\u00e9s potent fet per estudiants a Espanya i ha estat el primer equip de l\u2019estat en ser acceptat per competir a la Spaceport America Cup, la competici\u00f3 de\u00a0coeteria\u00a0universit\u00e0ria m\u00e9s prestigiosa del m\u00f3n, celebrada als Estats Units.\n\n@cosmicresearch\n\n#escoles #educadors #educar #sabadell\" aria-hidden=\"true\">\n\t\t<\/a>\n\t<\/div>\n<\/div>\t<\/div>\n\n\t<div id=\"sbi_load\" >\n\n\t\t\t<button class=\"sbi_load_btn\"\n\t\t\ttype=\"button\"  style=\"background: rgb(243,244,245);color: rgb(44,50,76);\">\n\t\t\t<span class=\"sbi_btn_text\" >Cargar m\u00e1s<\/span>\n\t\t\t<span class=\"sbi_loader sbi_hidden\" style=\"background-color: rgb(255, 255, 255);\" aria-hidden=\"true\"><\/span>\n\t\t<\/button>\n\t\n\t\n<\/div>\n\t\t<span class=\"sbi_resized_image_data\" data-feed-id=\"*1\"\n\t\t  data-resized=\"{&quot;18146620528349803&quot;:{&quot;id&quot;:&quot;467764769_584248057352626_4853272856944151650_n&quot;,&quot;ratio&quot;:&quot;1.00&quot;,&quot;sizes&quot;:{&quot;full&quot;:640,&quot;low&quot;:320,&quot;thumb&quot;:150},&quot;extension&quot;:&quot;.webp&quot;},&quot;18072677212717675&quot;:{&quot;id&quot;:&quot;468258284_585859630630887_1687592382690488867_n&quot;,&quot;ratio&quot;:&quot;1.00&quot;,&quot;sizes&quot;:{&quot;full&quot;:640,&quot;low&quot;:320,&quot;thumb&quot;:150},&quot;extension&quot;:&quot;.webp&quot;},&quot;17982143390784576&quot;:{&quot;id&quot;:&quot;468507184_1364110628297519_8504504728279333016_n&quot;,&quot;ratio&quot;:&quot;1.10&quot;,&quot;sizes&quot;:{&quot;full&quot;:640,&quot;low&quot;:320,&quot;thumb&quot;:150},&quot;extension&quot;:&quot;.webp&quot;},&quot;17858726568314023&quot;:{&quot;id&quot;:&quot;469179181_1563650501186838_865556877485034754_n&quot;,&quot;ratio&quot;:&quot;1.00&quot;,&quot;sizes&quot;:{&quot;full&quot;:640,&quot;low&quot;:320,&quot;thumb&quot;:150},&quot;extension&quot;:&quot;.webp&quot;},&quot;18043974122138896&quot;:{&quot;id&quot;:&quot;469223217_1362102978498493_7999112745829726804_n&quot;,&quot;ratio&quot;:&quot;1.33&quot;,&quot;sizes&quot;:{&quot;full&quot;:640,&quot;low&quot;:320,&quot;thumb&quot;:150},&quot;extension&quot;:&quot;.webp&quot;}}\">\n\t<\/span>\n\t<\/div>\n\n\t<style type=\"text\/css\">\n\t\t\t\t#sb_instagram #sbi_load .sbi_load_btn:focus,\n\t\t#sb_instagram #sbi_load .sbi_load_btn:hover {\n\t\t\toutline: none;\n\t\t\tbox-shadow: inset 0 0 20px 20px#E8E8EB;\n\t\t}\n\n\t\t\t\t\t\t#sb_instagram .sbi_follow_btn a:hover,\n\t\t#sb_instagram .sbi_follow_btn a:focus {\n\t\t\toutline: none;\n\t\t\tbox-shadow: inset 0 0 10px 20px#005B8C;\n\t\t}\n\n\t\t\t<\/style>\n\t<\/div>\n\t\t\t\t\t\t<\/div>\n\t\t\t\t<\/div>\n\t\t\t\t\t<\/div>\n\t\t\t\t<\/div>\n\t\t<div class=\"elementor-element elementor-element-d6bf2e5 e-flex e-con-boxed e-con e-child\" data-id=\"d6bf2e5\" data-element_type=\"container\">\n\t\t\t\t\t<div class=\"e-con-inner\">\n\t\t\t\t<div class=\"elementor-element elementor-element-8c7a7ba elementor-widget elementor-widget-heading\" data-id=\"8c7a7ba\" data-element_type=\"widget\" data-widget_type=\"heading.default\">\n\t\t\t\t<div class=\"elementor-widget-container\">\n\t\t\t\t\t<h3 class=\"elementor-heading-title elementor-size-default\">Facebook de <span style=\"color: #e73843\"> Escola del Sol<\/span><\/h3>\t\t\t\t<\/div>\n\t\t\t\t<\/div>\n\t\t\t\t<div class=\"elementor-element elementor-element-af535b1 elementor-widget elementor-widget-html\" data-id=\"af535b1\" data-element_type=\"widget\" data-widget_type=\"html.default\">\n\t\t\t\t<div class=\"elementor-widget-container\">\n\t\t\t\t\t<div id=\"fb-root\"><\/div>\r\n<script async defer crossorigin=\"anonymous\" src=\"https:\/\/connect.facebook.net\/es_ES\/sdk.js#xfbml=1&version=v6.0\"><\/script>\r\n<div class=\"fb-page\" data-href=\"https:\/\/www.facebook.com\/EscolaDelSol\/\" data-tabs=\"timeline\" data-width=\"800px\" data-height=\"\" data-small-header=\"true\" data-adapt-container-width=\"true\" data-hide-cover=\"false\" data-show-facepile=\"false\"><blockquote cite=\"https:\/\/www.facebook.com\/EscolaDelSol\/\" class=\"fb-xfbml-parse-ignore\"><a href=\"https:\/\/www.facebook.com\/EscolaDelSol\/\">Escola del Sol<\/a><\/blockquote><\/div>\t\t\t\t<\/div>\n\t\t\t\t<\/div>\n\t\t\t\t\t<\/div>\n\t\t\t\t<\/div>\n\t\t\t\t\t<\/div>\n\t\t\t\t<\/div>\n\t\t\t\t<\/div>\n\t\t<div class=\"elementor-element elementor-element-128465d e-con-full e-flex e-con e-parent\" data-id=\"128465d\" data-element_type=\"container\">\n\t\t<div class=\"elementor-element elementor-element-2ba9a95 e-flex e-con-boxed e-con e-child\" data-id=\"2ba9a95\" data-element_type=\"container\">\n\t\t\t\t\t<div class=\"e-con-inner\">\n\t\t<div class=\"elementor-element elementor-element-c67871f e-flex e-con-boxed e-con e-child\" data-id=\"c67871f\" data-element_type=\"container\">\n\t\t\t\t\t<div class=\"e-con-inner\">\n\t\t\t\t<div class=\"elementor-element elementor-element-748ca5a elementor-widget elementor-widget-heading\" data-id=\"748ca5a\" data-element_type=\"widget\" data-widget_type=\"heading.default\">\n\t\t\t\t<div class=\"elementor-widget-container\">\n\t\t\t\t\t<h3 class=\"elementor-heading-title elementor-size-default\">Instagram de <span style=\"color: #e73843\"> Ramar 2<\/span><\/h3>\t\t\t\t<\/div>\n\t\t\t\t<\/div>\n\t\t\t\t<div class=\"elementor-element elementor-element-95ae432 elementor-widget elementor-widget-shortcode\" data-id=\"95ae432\" data-element_type=\"widget\" data-widget_type=\"shortcode.default\">\n\t\t\t\t<div class=\"elementor-widget-container\">\n\t\t\t\t\t\t\t<div class=\"elementor-shortcode\">\n<div id=\"sb_instagram\"  class=\"sbi sbi_mob_col_1 sbi_tab_col_2 sbi_col_3 sbi_width_resp\" style=\"padding-bottom: 10px;\"\t data-feedid=\"*1\"  data-res=\"medium\" data-cols=\"3\" data-colsmobile=\"1\" data-colstablet=\"2\" data-num=\"5\" data-nummobile=\"\" data-item-padding=\"5\"\t data-shortcode-atts=\"{&quot;user&quot;:&quot;ramardos&quot;,&quot;cachetime&quot;:30}\"  data-postid=\"25192\" data-locatornonce=\"4c9e7336f2\" data-imageaspectratio=\"1:1\" data-sbi-flags=\"favorLocal,gdpr\">\n\t<div class=\"sb_instagram_header  sbi_medium\"   >\n\t<a class=\"sbi_header_link\" target=\"_blank\"\n\t   rel=\"nofollow noopener\" href=\"https:\/\/www.instagram.com\/ramardos\/\" title=\"@ramardos\">\n\t\t<div class=\"sbi_header_text sbi_no_bio\">\n\t\t\t<div class=\"sbi_header_img\">\n\t\t\t\t\t\t\t\t\t<div class=\"sbi_header_img_hover\"  ><svg class=\"sbi_new_logo fa-instagram fa-w-14\" aria-hidden=\"true\" data-fa-processed=\"\" aria-label=\"Instagram\" data-prefix=\"fab\" data-icon=\"instagram\" role=\"img\" viewBox=\"0 0 448 512\">\n                    <path fill=\"currentColor\" d=\"M224.1 141c-63.6 0-114.9 51.3-114.9 114.9s51.3 114.9 114.9 114.9S339 319.5 339 255.9 287.7 141 224.1 141zm0 189.6c-41.1 0-74.7-33.5-74.7-74.7s33.5-74.7 74.7-74.7 74.7 33.5 74.7 74.7-33.6 74.7-74.7 74.7zm146.4-194.3c0 14.9-12 26.8-26.8 26.8-14.9 0-26.8-12-26.8-26.8s12-26.8 26.8-26.8 26.8 12 26.8 26.8zm76.1 27.2c-1.7-35.9-9.9-67.7-36.2-93.9-26.2-26.2-58-34.4-93.9-36.2-37-2.1-147.9-2.1-184.9 0-35.8 1.7-67.6 9.9-93.9 36.1s-34.4 58-36.2 93.9c-2.1 37-2.1 147.9 0 184.9 1.7 35.9 9.9 67.7 36.2 93.9s58 34.4 93.9 36.2c37 2.1 147.9 2.1 184.9 0 35.9-1.7 67.7-9.9 93.9-36.2 26.2-26.2 34.4-58 36.2-93.9 2.1-37 2.1-147.8 0-184.8zM398.8 388c-7.8 19.6-22.9 34.7-42.6 42.6-29.5 11.7-99.5 9-132.1 9s-102.7 2.6-132.1-9c-19.6-7.8-34.7-22.9-42.6-42.6-11.7-29.5-9-99.5-9-132.1s-2.6-102.7 9-132.1c7.8-19.6 22.9-34.7 42.6-42.6 29.5-11.7 99.5-9 132.1-9s102.7-2.6 132.1 9c19.6 7.8 34.7 22.9 42.6 42.6 11.7 29.5 9 99.5 9 132.1s2.7 102.7-9 132.1z\"><\/path>\n                <\/svg><\/div>\n\t\t\t\t\t<img decoding=\"async\"  src=\"https:\/\/ramardos.com\/wp-content\/plugins\/instagram-feed\/img\/thumb-placeholder.png\" alt=\"\" width=\"50\" height=\"50\">\n\t\t\t\t\n\t\t\t\t\t\t\t<\/div>\n\n\t\t\t<div class=\"sbi_feedtheme_header_text\">\n\t\t\t\t<h3>ramardos<\/h3>\n\t\t\t\t\t\t\t<\/div>\n\t\t<\/div>\n\t<\/a>\n<\/div>\n\n\t<div id=\"sbi_images\"  style=\"gap: 10px;\">\n\t\t<div class=\"sbi_item sbi_type_carousel sbi_new sbi_transition\"\n\tid=\"sbi_18043974122138896\" data-date=\"1733304528\">\n\t<div class=\"sbi_photo_wrap\">\n\t\t<a class=\"sbi_photo\" href=\"https:\/\/www.instagram.com\/p\/DDJsQZxRuwl\/\" target=\"_blank\" rel=\"noopener nofollow\"\n\t\t\tdata-full-res=\"https:\/\/scontent-mad1-1.cdninstagram.com\/v\/t51.2885-15\/469223217_1362102978498493_7999112745829726804_n.jpg?_nc_cat=102&#038;ccb=1-7&#038;_nc_sid=18de74&#038;_nc_ohc=s4mLn5icB_AQ7kNvgGvl90c&#038;_nc_zt=23&#038;_nc_ht=scontent-mad1-1.cdninstagram.com&#038;edm=ANo9K5cEAAAA&#038;oh=00_AYBQxXM40Nxy5fjVerhyj67pzrTW9Lrl8bE-9xMklE6uaQ&#038;oe=6755F0FC\"\n\t\t\tdata-img-src-set=\"{&quot;d&quot;:&quot;https:\\\/\\\/scontent-mad1-1.cdninstagram.com\\\/v\\\/t51.2885-15\\\/469223217_1362102978498493_7999112745829726804_n.jpg?_nc_cat=102&amp;ccb=1-7&amp;_nc_sid=18de74&amp;_nc_ohc=s4mLn5icB_AQ7kNvgGvl90c&amp;_nc_zt=23&amp;_nc_ht=scontent-mad1-1.cdninstagram.com&amp;edm=ANo9K5cEAAAA&amp;oh=00_AYBQxXM40Nxy5fjVerhyj67pzrTW9Lrl8bE-9xMklE6uaQ&amp;oe=6755F0FC&quot;,&quot;150&quot;:&quot;https:\\\/\\\/scontent-mad1-1.cdninstagram.com\\\/v\\\/t51.2885-15\\\/469223217_1362102978498493_7999112745829726804_n.jpg?_nc_cat=102&amp;ccb=1-7&amp;_nc_sid=18de74&amp;_nc_ohc=s4mLn5icB_AQ7kNvgGvl90c&amp;_nc_zt=23&amp;_nc_ht=scontent-mad1-1.cdninstagram.com&amp;edm=ANo9K5cEAAAA&amp;oh=00_AYBQxXM40Nxy5fjVerhyj67pzrTW9Lrl8bE-9xMklE6uaQ&amp;oe=6755F0FC&quot;,&quot;320&quot;:&quot;https:\\\/\\\/ramardos.com\\\/wp-content\\\/uploads\\\/sb-instagram-feed-images\\\/469223217_1362102978498493_7999112745829726804_nlow.webp&quot;,&quot;640&quot;:&quot;https:\\\/\\\/ramardos.com\\\/wp-content\\\/uploads\\\/sb-instagram-feed-images\\\/469223217_1362102978498493_7999112745829726804_nfull.webp&quot;}\">\n\t\t\t<span class=\"sbi-screenreader\">\ud83d\udd09Els alumnes de batxillerat de la mat\u00e8ria de Comun<\/span>\n\t\t\t<svg class=\"svg-inline--fa fa-clone fa-w-16 sbi_lightbox_carousel_icon\" aria-hidden=\"true\" aria-label=\"Clone\" data-fa-pro\u0192cessed=\"\" data-prefix=\"far\" data-icon=\"clone\" role=\"img\" xmlns=\"http:\/\/www.w3.org\/2000\/svg\" viewBox=\"0 0 512 512\">\n                    <path fill=\"currentColor\" d=\"M464 0H144c-26.51 0-48 21.49-48 48v48H48c-26.51 0-48 21.49-48 48v320c0 26.51 21.49 48 48 48h320c26.51 0 48-21.49 48-48v-48h48c26.51 0 48-21.49 48-48V48c0-26.51-21.49-48-48-48zM362 464H54a6 6 0 0 1-6-6V150a6 6 0 0 1 6-6h42v224c0 26.51 21.49 48 48 48h224v42a6 6 0 0 1-6 6zm96-96H150a6 6 0 0 1-6-6V54a6 6 0 0 1 6-6h308a6 6 0 0 1 6 6v308a6 6 0 0 1-6 6z\"><\/path>\n                <\/svg>\t\t\t\t\t\t<img decoding=\"async\" src=\"https:\/\/ramardos.com\/wp-content\/plugins\/instagram-feed\/img\/placeholder.png\" alt=\"\ud83d\udd09Els alumnes de batxillerat de la mat\u00e8ria de Comunicaci\u00f3 Audiovisual van visitar les instal\u00b7lacions de TV Sabadell Vall\u00e8s \ud83d\udcf9on es van convertir en presentadors del telenot\u00edcies i reporters locals\ud83d\udcfa\u2728.\n\n#GrupRamar #ramar2 #educaci\u00f3 #educant #aprendre #educacioenvalors #educadors #alumnes #professors #escola #sabadell #escola\" aria-hidden=\"true\">\n\t\t<\/a>\n\t<\/div>\n<\/div><div class=\"sbi_item sbi_type_carousel sbi_new sbi_transition\"\n\tid=\"sbi_17858726568314023\" data-date=\"1733218292\">\n\t<div class=\"sbi_photo_wrap\">\n\t\t<a class=\"sbi_photo\" href=\"https:\/\/www.instagram.com\/p\/DDHHxoDxUDt\/\" target=\"_blank\" rel=\"noopener nofollow\"\n\t\t\tdata-full-res=\"https:\/\/scontent-mad1-1.cdninstagram.com\/v\/t51.2885-15\/469179181_1563650501186838_865556877485034754_n.jpg?_nc_cat=103&#038;ccb=1-7&#038;_nc_sid=18de74&#038;_nc_ohc=Fd8swe3AnTsQ7kNvgHbRxSf&#038;_nc_zt=23&#038;_nc_ht=scontent-mad1-1.cdninstagram.com&#038;edm=ANo9K5cEAAAA&#038;oh=00_AYBzIvx3edpAQ15cIvBydsqWoheOU6duPciN66ENVKM15g&#038;oe=6755F359\"\n\t\t\tdata-img-src-set=\"{&quot;d&quot;:&quot;https:\\\/\\\/scontent-mad1-1.cdninstagram.com\\\/v\\\/t51.2885-15\\\/469179181_1563650501186838_865556877485034754_n.jpg?_nc_cat=103&amp;ccb=1-7&amp;_nc_sid=18de74&amp;_nc_ohc=Fd8swe3AnTsQ7kNvgHbRxSf&amp;_nc_zt=23&amp;_nc_ht=scontent-mad1-1.cdninstagram.com&amp;edm=ANo9K5cEAAAA&amp;oh=00_AYBzIvx3edpAQ15cIvBydsqWoheOU6duPciN66ENVKM15g&amp;oe=6755F359&quot;,&quot;150&quot;:&quot;https:\\\/\\\/scontent-mad1-1.cdninstagram.com\\\/v\\\/t51.2885-15\\\/469179181_1563650501186838_865556877485034754_n.jpg?_nc_cat=103&amp;ccb=1-7&amp;_nc_sid=18de74&amp;_nc_ohc=Fd8swe3AnTsQ7kNvgHbRxSf&amp;_nc_zt=23&amp;_nc_ht=scontent-mad1-1.cdninstagram.com&amp;edm=ANo9K5cEAAAA&amp;oh=00_AYBzIvx3edpAQ15cIvBydsqWoheOU6duPciN66ENVKM15g&amp;oe=6755F359&quot;,&quot;320&quot;:&quot;https:\\\/\\\/ramardos.com\\\/wp-content\\\/uploads\\\/sb-instagram-feed-images\\\/469179181_1563650501186838_865556877485034754_nlow.webp&quot;,&quot;640&quot;:&quot;https:\\\/\\\/ramardos.com\\\/wp-content\\\/uploads\\\/sb-instagram-feed-images\\\/469179181_1563650501186838_865556877485034754_nfull.webp&quot;}\">\n\t\t\t<span class=\"sbi-screenreader\">\ud83d\udca5Els alumnes de 3r d&#039;ESO, en una de les pr\u00e0ctiques<\/span>\n\t\t\t<svg class=\"svg-inline--fa fa-clone fa-w-16 sbi_lightbox_carousel_icon\" aria-hidden=\"true\" aria-label=\"Clone\" data-fa-pro\u0192cessed=\"\" data-prefix=\"far\" data-icon=\"clone\" role=\"img\" xmlns=\"http:\/\/www.w3.org\/2000\/svg\" viewBox=\"0 0 512 512\">\n                    <path fill=\"currentColor\" d=\"M464 0H144c-26.51 0-48 21.49-48 48v48H48c-26.51 0-48 21.49-48 48v320c0 26.51 21.49 48 48 48h320c26.51 0 48-21.49 48-48v-48h48c26.51 0 48-21.49 48-48V48c0-26.51-21.49-48-48-48zM362 464H54a6 6 0 0 1-6-6V150a6 6 0 0 1 6-6h42v224c0 26.51 21.49 48 48 48h224v42a6 6 0 0 1-6 6zm96-96H150a6 6 0 0 1-6-6V54a6 6 0 0 1 6-6h308a6 6 0 0 1 6 6v308a6 6 0 0 1-6 6z\"><\/path>\n                <\/svg>\t\t\t\t\t\t<img decoding=\"async\" src=\"https:\/\/ramardos.com\/wp-content\/plugins\/instagram-feed\/img\/placeholder.png\" alt=\"\ud83d\udca5Els alumnes de 3r d&#039;ESO, en una de les pr\u00e0ctiques de Biologia, han disseccionat un cor de be \ud83d\udc0f per ajudar-los a entendre i descobrir com \u00e9s la seva estructura i les seves semblances amb el cor \ud83e\udd0e hum\u00e0.\n\n#GrupRamar #ramar2 #educaci\u00f3 #educant #aprendre #educacioenvalors #educadors #alumnes #professors #escola #sabadell #escola\" aria-hidden=\"true\">\n\t\t<\/a>\n\t<\/div>\n<\/div><div class=\"sbi_item sbi_type_carousel sbi_new sbi_transition\"\n\tid=\"sbi_17982143390784576\" data-date=\"1732786858\">\n\t<div class=\"sbi_photo_wrap\">\n\t\t<a class=\"sbi_photo\" href=\"https:\/\/www.instagram.com\/p\/DC6Q4U8xYNu\/\" target=\"_blank\" rel=\"noopener nofollow\"\n\t\t\tdata-full-res=\"https:\/\/scontent-mad1-1.cdninstagram.com\/v\/t51.2885-15\/468507184_1364110628297519_8504504728279333016_n.jpg?_nc_cat=102&#038;ccb=1-7&#038;_nc_sid=18de74&#038;_nc_ohc=RJq-90MOKM4Q7kNvgEkWtVo&#038;_nc_zt=23&#038;_nc_ht=scontent-mad1-1.cdninstagram.com&#038;edm=ANo9K5cEAAAA&#038;oh=00_AYBFTxHAQT7jn9nRYKdBkuvbMkJtQ6srP9UBhlmWVIrmlQ&#038;oe=67561A6A\"\n\t\t\tdata-img-src-set=\"{&quot;d&quot;:&quot;https:\\\/\\\/scontent-mad1-1.cdninstagram.com\\\/v\\\/t51.2885-15\\\/468507184_1364110628297519_8504504728279333016_n.jpg?_nc_cat=102&amp;ccb=1-7&amp;_nc_sid=18de74&amp;_nc_ohc=RJq-90MOKM4Q7kNvgEkWtVo&amp;_nc_zt=23&amp;_nc_ht=scontent-mad1-1.cdninstagram.com&amp;edm=ANo9K5cEAAAA&amp;oh=00_AYBFTxHAQT7jn9nRYKdBkuvbMkJtQ6srP9UBhlmWVIrmlQ&amp;oe=67561A6A&quot;,&quot;150&quot;:&quot;https:\\\/\\\/scontent-mad1-1.cdninstagram.com\\\/v\\\/t51.2885-15\\\/468507184_1364110628297519_8504504728279333016_n.jpg?_nc_cat=102&amp;ccb=1-7&amp;_nc_sid=18de74&amp;_nc_ohc=RJq-90MOKM4Q7kNvgEkWtVo&amp;_nc_zt=23&amp;_nc_ht=scontent-mad1-1.cdninstagram.com&amp;edm=ANo9K5cEAAAA&amp;oh=00_AYBFTxHAQT7jn9nRYKdBkuvbMkJtQ6srP9UBhlmWVIrmlQ&amp;oe=67561A6A&quot;,&quot;320&quot;:&quot;https:\\\/\\\/ramardos.com\\\/wp-content\\\/uploads\\\/sb-instagram-feed-images\\\/468507184_1364110628297519_8504504728279333016_nlow.webp&quot;,&quot;640&quot;:&quot;https:\\\/\\\/ramardos.com\\\/wp-content\\\/uploads\\\/sb-instagram-feed-images\\\/468507184_1364110628297519_8504504728279333016_nfull.webp&quot;}\">\n\t\t\t<span class=\"sbi-screenreader\">\u27a1\ufe0fEl dimecres passat els alumnes de 1r batxillerat<\/span>\n\t\t\t<svg class=\"svg-inline--fa fa-clone fa-w-16 sbi_lightbox_carousel_icon\" aria-hidden=\"true\" aria-label=\"Clone\" data-fa-pro\u0192cessed=\"\" data-prefix=\"far\" data-icon=\"clone\" role=\"img\" xmlns=\"http:\/\/www.w3.org\/2000\/svg\" viewBox=\"0 0 512 512\">\n                    <path fill=\"currentColor\" d=\"M464 0H144c-26.51 0-48 21.49-48 48v48H48c-26.51 0-48 21.49-48 48v320c0 26.51 21.49 48 48 48h320c26.51 0 48-21.49 48-48v-48h48c26.51 0 48-21.49 48-48V48c0-26.51-21.49-48-48-48zM362 464H54a6 6 0 0 1-6-6V150a6 6 0 0 1 6-6h42v224c0 26.51 21.49 48 48 48h224v42a6 6 0 0 1-6 6zm96-96H150a6 6 0 0 1-6-6V54a6 6 0 0 1 6-6h308a6 6 0 0 1 6 6v308a6 6 0 0 1-6 6z\"><\/path>\n                <\/svg>\t\t\t\t\t\t<img decoding=\"async\" src=\"https:\/\/ramardos.com\/wp-content\/plugins\/instagram-feed\/img\/placeholder.png\" alt=\"\u27a1\ufe0fEl dimecres passat els alumnes de 1r batxillerat van participar en la tradicional jornada esportiva\ud83e\udd3e\u200d\u2642\ufe0f\ud83e\udd38\u200d\u2640\ufe0f\ud83c\udfcb\ufe0f\u200d\u2642\ufe0f.\n\n#GrupRamar #ramar2 #educaci\u00f3 #educant #aprendre #educacioenvalors #educadors #alumnes #professors #escola #sabadell #escola\" aria-hidden=\"true\">\n\t\t<\/a>\n\t<\/div>\n<\/div><div class=\"sbi_item sbi_type_video sbi_new sbi_transition\"\n\tid=\"sbi_18072677212717675\" data-date=\"1732618099\">\n\t<div class=\"sbi_photo_wrap\">\n\t\t<a class=\"sbi_photo\" href=\"https:\/\/www.instagram.com\/reel\/DC1O0HSNtqG\/\" target=\"_blank\" rel=\"noopener nofollow\"\n\t\t\tdata-full-res=\"https:\/\/scontent-mad2-1.cdninstagram.com\/v\/t51.29350-15\/468258284_585859630630887_1687592382690488867_n.jpg?_nc_cat=108&#038;ccb=1-7&#038;_nc_sid=18de74&#038;_nc_ohc=tSWXJyv1i4cQ7kNvgFnYYPu&#038;_nc_zt=23&#038;_nc_ht=scontent-mad2-1.cdninstagram.com&#038;edm=ANo9K5cEAAAA&#038;_nc_gid=AJgg23QC-ssGF6BW-uxMVSo&#038;oh=00_AYAjWVlAEC3nxxP4HV52q5ZYDXN1uicbuzMZHLvljCpo1w&#038;oe=67562337\"\n\t\t\tdata-img-src-set=\"{&quot;d&quot;:&quot;https:\\\/\\\/scontent-mad2-1.cdninstagram.com\\\/v\\\/t51.29350-15\\\/468258284_585859630630887_1687592382690488867_n.jpg?_nc_cat=108&amp;ccb=1-7&amp;_nc_sid=18de74&amp;_nc_ohc=tSWXJyv1i4cQ7kNvgFnYYPu&amp;_nc_zt=23&amp;_nc_ht=scontent-mad2-1.cdninstagram.com&amp;edm=ANo9K5cEAAAA&amp;_nc_gid=AJgg23QC-ssGF6BW-uxMVSo&amp;oh=00_AYAjWVlAEC3nxxP4HV52q5ZYDXN1uicbuzMZHLvljCpo1w&amp;oe=67562337&quot;,&quot;150&quot;:&quot;https:\\\/\\\/scontent-mad2-1.cdninstagram.com\\\/v\\\/t51.29350-15\\\/468258284_585859630630887_1687592382690488867_n.jpg?_nc_cat=108&amp;ccb=1-7&amp;_nc_sid=18de74&amp;_nc_ohc=tSWXJyv1i4cQ7kNvgFnYYPu&amp;_nc_zt=23&amp;_nc_ht=scontent-mad2-1.cdninstagram.com&amp;edm=ANo9K5cEAAAA&amp;_nc_gid=AJgg23QC-ssGF6BW-uxMVSo&amp;oh=00_AYAjWVlAEC3nxxP4HV52q5ZYDXN1uicbuzMZHLvljCpo1w&amp;oe=67562337&quot;,&quot;320&quot;:&quot;https:\\\/\\\/ramardos.com\\\/wp-content\\\/uploads\\\/sb-instagram-feed-images\\\/468258284_585859630630887_1687592382690488867_nlow.webp&quot;,&quot;640&quot;:&quot;https:\\\/\\\/ramardos.com\\\/wp-content\\\/uploads\\\/sb-instagram-feed-images\\\/468258284_585859630630887_1687592382690488867_nfull.webp&quot;}\">\n\t\t\t<span class=\"sbi-screenreader\">Els alumnes de la mat\u00e8ria de Creaci\u00f3 liter\u00e0ria \ud83d\udd8c\ufe0f\ud83d\udcd5<\/span>\n\t\t\t\t\t\t<svg style=\"color: rgba(255,255,255,1)\" class=\"svg-inline--fa fa-play fa-w-14 sbi_playbtn\" aria-label=\"Play\" aria-hidden=\"true\" data-fa-processed=\"\" data-prefix=\"fa\" data-icon=\"play\" role=\"presentation\" xmlns=\"http:\/\/www.w3.org\/2000\/svg\" viewBox=\"0 0 448 512\"><path fill=\"currentColor\" d=\"M424.4 214.7L72.4 6.6C43.8-10.3 0 6.1 0 47.9V464c0 37.5 40.7 60.1 72.4 41.3l352-208c31.4-18.5 31.5-64.1 0-82.6z\"><\/path><\/svg>\t\t\t<img decoding=\"async\" src=\"https:\/\/ramardos.com\/wp-content\/plugins\/instagram-feed\/img\/placeholder.png\" alt=\"Els alumnes de la mat\u00e8ria de Creaci\u00f3 liter\u00e0ria \ud83d\udd8c\ufe0f\ud83d\udcd5 de 1r de Batxillerat han treballat el tema de la identitat personal. Despr\u00e9s d&#039;escriure un poema sobre la seva pr\u00f2pia ess\u00e8ncia, n&#039;han elaborat un document audiovisual\ud83c\udfa5\ud83c\udf9e\ufe0f.\n\n#GrupRamar #ramar2 #educaci\u00f3 #educant #aprendre #educacioenvalors #educadors #alumnes #professors #escola #sabadell #escola\" aria-hidden=\"true\">\n\t\t<\/a>\n\t<\/div>\n<\/div><div class=\"sbi_item sbi_type_carousel sbi_new sbi_transition\"\n\tid=\"sbi_18146620528349803\" data-date=\"1732548434\">\n\t<div class=\"sbi_photo_wrap\">\n\t\t<a class=\"sbi_photo\" href=\"https:\/\/www.instagram.com\/p\/DCzKICfouQc\/\" target=\"_blank\" rel=\"noopener nofollow\"\n\t\t\tdata-full-res=\"https:\/\/scontent-mad1-1.cdninstagram.com\/v\/t51.29350-15\/467764769_584248057352626_4853272856944151650_n.webp?stp=dst-jpg_tt6&#038;_nc_cat=103&#038;ccb=1-7&#038;_nc_sid=18de74&#038;_nc_ohc=Fv8AvPT6dEAQ7kNvgEa_cdM&#038;_nc_zt=23&#038;_nc_ht=scontent-mad1-1.cdninstagram.com&#038;edm=ANo9K5cEAAAA&#038;_nc_gid=AJgg23QC-ssGF6BW-uxMVSo&#038;oh=00_AYCE3s3yx49EkoTIK5iJPFxCvEjsDF0FdzYtKofnhfrcDw&#038;oe=6755EF85\"\n\t\t\tdata-img-src-set=\"{&quot;d&quot;:&quot;https:\\\/\\\/scontent-mad1-1.cdninstagram.com\\\/v\\\/t51.29350-15\\\/467764769_584248057352626_4853272856944151650_n.webp?stp=dst-jpg_tt6&amp;_nc_cat=103&amp;ccb=1-7&amp;_nc_sid=18de74&amp;_nc_ohc=Fv8AvPT6dEAQ7kNvgEa_cdM&amp;_nc_zt=23&amp;_nc_ht=scontent-mad1-1.cdninstagram.com&amp;edm=ANo9K5cEAAAA&amp;_nc_gid=AJgg23QC-ssGF6BW-uxMVSo&amp;oh=00_AYCE3s3yx49EkoTIK5iJPFxCvEjsDF0FdzYtKofnhfrcDw&amp;oe=6755EF85&quot;,&quot;150&quot;:&quot;https:\\\/\\\/scontent-mad1-1.cdninstagram.com\\\/v\\\/t51.29350-15\\\/467764769_584248057352626_4853272856944151650_n.webp?stp=dst-jpg_tt6&amp;_nc_cat=103&amp;ccb=1-7&amp;_nc_sid=18de74&amp;_nc_ohc=Fv8AvPT6dEAQ7kNvgEa_cdM&amp;_nc_zt=23&amp;_nc_ht=scontent-mad1-1.cdninstagram.com&amp;edm=ANo9K5cEAAAA&amp;_nc_gid=AJgg23QC-ssGF6BW-uxMVSo&amp;oh=00_AYCE3s3yx49EkoTIK5iJPFxCvEjsDF0FdzYtKofnhfrcDw&amp;oe=6755EF85&quot;,&quot;320&quot;:&quot;https:\\\/\\\/ramardos.com\\\/wp-content\\\/uploads\\\/sb-instagram-feed-images\\\/467764769_584248057352626_4853272856944151650_nlow.webp&quot;,&quot;640&quot;:&quot;https:\\\/\\\/ramardos.com\\\/wp-content\\\/uploads\\\/sb-instagram-feed-images\\\/467764769_584248057352626_4853272856944151650_nfull.webp&quot;}\">\n\t\t\t<span class=\"sbi-screenreader\">\u2705\ufe0fEl dijous 21 de novembre els alumnes de 4t d\u2019ESO<\/span>\n\t\t\t<svg class=\"svg-inline--fa fa-clone fa-w-16 sbi_lightbox_carousel_icon\" aria-hidden=\"true\" aria-label=\"Clone\" data-fa-pro\u0192cessed=\"\" data-prefix=\"far\" data-icon=\"clone\" role=\"img\" xmlns=\"http:\/\/www.w3.org\/2000\/svg\" viewBox=\"0 0 512 512\">\n                    <path fill=\"currentColor\" d=\"M464 0H144c-26.51 0-48 21.49-48 48v48H48c-26.51 0-48 21.49-48 48v320c0 26.51 21.49 48 48 48h320c26.51 0 48-21.49 48-48v-48h48c26.51 0 48-21.49 48-48V48c0-26.51-21.49-48-48-48zM362 464H54a6 6 0 0 1-6-6V150a6 6 0 0 1 6-6h42v224c0 26.51 21.49 48 48 48h224v42a6 6 0 0 1-6 6zm96-96H150a6 6 0 0 1-6-6V54a6 6 0 0 1 6-6h308a6 6 0 0 1 6 6v308a6 6 0 0 1-6 6z\"><\/path>\n                <\/svg>\t\t\t\t\t\t<img decoding=\"async\" src=\"https:\/\/ramardos.com\/wp-content\/plugins\/instagram-feed\/img\/placeholder.png\" alt=\"\u2705\ufe0fEl dijous 21 de novembre els alumnes de 4t d\u2019ESO van assistir, a l\u2019auditori de l\u2019Escola, a una confer\u00e8ncia-col\u00b7loqui, &quot;Viatge a l\u2019espai: qu\u00e8 s\u2019amaga darrera la tecnologia dels coets?&quot;, a c\u00e0rrec de l\u2019Alba Badia Rif\u00e0, exalumna de Ramar 2, enginyera\u00a0Industrial per l\u2019UPC de Terrassa, Team Leader de\u00a0l\u2019equip\u00a0de\u00a0coeteria\u00a0Cosmic Research, Business Developer a\u00a0l\u2019empresa\u00a0espacial GTD i Premi Dona TIC Revelaci\u00f3 2023 per la Generalitat de Catalunya.\u00a0\n\n\u2705\ufe0fVa presentar tamb\u00e9\u00a0l\u2019associaci\u00f3\u00a0Cosmic Research, que ha llan\u00e7at el coet \ud83d\uddfcm\u00e9s potent fet per estudiants a Espanya i ha estat el primer equip de l\u2019estat en ser acceptat per competir a la Spaceport America Cup, la competici\u00f3 de\u00a0coeteria\u00a0universit\u00e0ria m\u00e9s prestigiosa del m\u00f3n, celebrada als Estats Units.\n\n@cosmicresearch\n\n#escoles #educadors #educar #sabadell\" aria-hidden=\"true\">\n\t\t<\/a>\n\t<\/div>\n<\/div>\t<\/div>\n\n\t<div id=\"sbi_load\" >\n\n\t\t\t<button class=\"sbi_load_btn\"\n\t\t\ttype=\"button\"  style=\"background: rgb(243,244,245);color: rgb(44,50,76);\">\n\t\t\t<span class=\"sbi_btn_text\" >Cargar m\u00e1s<\/span>\n\t\t\t<span class=\"sbi_loader sbi_hidden\" style=\"background-color: rgb(255, 255, 255);\" aria-hidden=\"true\"><\/span>\n\t\t<\/button>\n\t\n\t\n<\/div>\n\t\t<span class=\"sbi_resized_image_data\" data-feed-id=\"*1\"\n\t\t  data-resized=\"{&quot;18146620528349803&quot;:{&quot;id&quot;:&quot;467764769_584248057352626_4853272856944151650_n&quot;,&quot;ratio&quot;:&quot;1.00&quot;,&quot;sizes&quot;:{&quot;full&quot;:640,&quot;low&quot;:320,&quot;thumb&quot;:150},&quot;extension&quot;:&quot;.webp&quot;},&quot;18072677212717675&quot;:{&quot;id&quot;:&quot;468258284_585859630630887_1687592382690488867_n&quot;,&quot;ratio&quot;:&quot;1.00&quot;,&quot;sizes&quot;:{&quot;full&quot;:640,&quot;low&quot;:320,&quot;thumb&quot;:150},&quot;extension&quot;:&quot;.webp&quot;},&quot;17982143390784576&quot;:{&quot;id&quot;:&quot;468507184_1364110628297519_8504504728279333016_n&quot;,&quot;ratio&quot;:&quot;1.10&quot;,&quot;sizes&quot;:{&quot;full&quot;:640,&quot;low&quot;:320,&quot;thumb&quot;:150},&quot;extension&quot;:&quot;.webp&quot;},&quot;17858726568314023&quot;:{&quot;id&quot;:&quot;469179181_1563650501186838_865556877485034754_n&quot;,&quot;ratio&quot;:&quot;1.00&quot;,&quot;sizes&quot;:{&quot;full&quot;:640,&quot;low&quot;:320,&quot;thumb&quot;:150},&quot;extension&quot;:&quot;.webp&quot;},&quot;18043974122138896&quot;:{&quot;id&quot;:&quot;469223217_1362102978498493_7999112745829726804_n&quot;,&quot;ratio&quot;:&quot;1.33&quot;,&quot;sizes&quot;:{&quot;full&quot;:640,&quot;low&quot;:320,&quot;thumb&quot;:150},&quot;extension&quot;:&quot;.webp&quot;}}\">\n\t<\/span>\n\t<\/div>\n\n\t<style type=\"text\/css\">\n\t\t\t\t#sb_instagram #sbi_load .sbi_load_btn:focus,\n\t\t#sb_instagram #sbi_load .sbi_load_btn:hover {\n\t\t\toutline: none;\n\t\t\tbox-shadow: inset 0 0 20px 20px#E8E8EB;\n\t\t}\n\n\t\t\t\t\t\t#sb_instagram .sbi_follow_btn a:hover,\n\t\t#sb_instagram .sbi_follow_btn a:focus {\n\t\t\toutline: none;\n\t\t\tbox-shadow: inset 0 0 10px 20px#005B8C;\n\t\t}\n\n\t\t\t<\/style>\n\t<\/div>\n\t\t\t\t\t\t<\/div>\n\t\t\t\t<\/div>\n\t\t\t\t\t<\/div>\n\t\t\t\t<\/div>\n\t\t<div class=\"elementor-element elementor-element-da9ef31 e-flex e-con-boxed e-con e-child\" data-id=\"da9ef31\" data-element_type=\"container\">\n\t\t\t\t\t<div class=\"e-con-inner\">\n\t\t\t\t<div class=\"elementor-element elementor-element-26448dc elementor-widget elementor-widget-heading\" data-id=\"26448dc\" data-element_type=\"widget\" data-widget_type=\"heading.default\">\n\t\t\t\t<div class=\"elementor-widget-container\">\n\t\t\t\t\t<h3 class=\"elementor-heading-title elementor-size-default\">Facebook de <span style=\"color: #e73843\"> Ramar 2<\/span><\/h3>\t\t\t\t<\/div>\n\t\t\t\t<\/div>\n\t\t\t\t<div class=\"elementor-element elementor-element-decccdb elementor-widget elementor-widget-html\" data-id=\"decccdb\" data-element_type=\"widget\" data-widget_type=\"html.default\">\n\t\t\t\t<div class=\"elementor-widget-container\">\n\t\t\t\t\t<div id=\"fb-root\"><\/div>\r\n<script async defer crossorigin=\"anonymous\" src=\"https:\/\/connect.facebook.net\/es_ES\/sdk.js#xfbml=1&version=v6.0\"><\/script>\r\n<div class=\"fb-page\" data-href=\"https:\/\/www.facebook.com\/escolaramar2\/\" data-tabs=\"timeline\" data-width=\"800px\" data-height=\"\" data-small-header=\"true\" data-adapt-container-width=\"true\" data-hide-cover=\"false\" data-show-facepile=\"false\"><blockquote cite=\"https:\/\/www.facebook.com\/escolaramar2\/\" class=\"fb-xfbml-parse-ignore\"><a href=\"https:\/\/www.facebook.com\/escolaramar2\/\">Escola Ramar 2<\/a><\/blockquote><\/div>\t\t\t\t<\/div>\n\t\t\t\t<\/div>\n\t\t\t\t\t<\/div>\n\t\t\t\t<\/div>\n\t\t\t\t\t<\/div>\n\t\t\t\t<\/div>\n\t\t\t\t<\/div>\n\t\t\t\t<\/div>\n\t\t","protected":false},"excerpt":{"rendered":"<p>Noticias Actualidad de la escuela en redes sociales Instagram de Tic-Tac Facebook de Tic-Tac Llar Infants Tic-Tac Instagram de Escola del Sol Facebook de Escola del Sol Escola del Sol Instagram de Ramar 2 Facebook de Ramar 2 Escola Ramar 2<\/p>\n","protected":false},"author":2,"featured_media":0,"parent":0,"menu_order":0,"comment_status":"closed","ping_status":"closed","template":"elementor_header_footer","meta":{"inline_featured_image":false,"footnotes":""},"class_list":["post-25192","page","type-page","status-publish","hentry"],"_links":{"self":[{"href":"https:\/\/ramardos.com\/es\/wp-json\/wp\/v2\/pages\/25192","targetHints":{"allow":["GET"]}}],"collection":[{"href":"https:\/\/ramardos.com\/es\/wp-json\/wp\/v2\/pages"}],"about":[{"href":"https:\/\/ramardos.com\/es\/wp-json\/wp\/v2\/types\/page"}],"author":[{"embeddable":true,"href":"https:\/\/ramardos.com\/es\/wp-json\/wp\/v2\/users\/2"}],"replies":[{"embeddable":true,"href":"https:\/\/ramardos.com\/es\/wp-json\/wp\/v2\/comments?post=25192"}],"version-history":[{"count":3,"href":"https:\/\/ramardos.com\/es\/wp-json\/wp\/v2\/pages\/25192\/revisions"}],"predecessor-version":[{"id":27718,"href":"https:\/\/ramardos.com\/es\/wp-json\/wp\/v2\/pages\/25192\/revisions\/27718"}],"wp:attachment":[{"href":"https:\/\/ramardos.com\/es\/wp-json\/wp\/v2\/media?parent=25192"}],"curies":[{"name":"wp","href":"https:\/\/api.w.org\/{rel}","templated":true}]}}